{"id":229,"date":"2023-06-11T15:39:49","date_gmt":"2023-06-11T15:39:49","guid":{"rendered":"https:\/\/erasmus.klebi.hu\/?page_id=229"},"modified":"2024-01-30T07:44:11","modified_gmt":"2024-01-30T07:44:11","slug":"diakprojekt-2022-23","status":"publish","type":"page","link":"https:\/\/erasmus.klebi.hu\/index.php\/diakprojekt-2022-23\/","title":{"rendered":"Di\u00e1kprojekt 2022\/2023-as tan\u00e9v"},"content":{"rendered":"\n<h2 class=\"wp-block-heading\">M\u00e1lta Erasmus+ di\u00e1kmobilit\u00e1s 2022 szeptember<\/h2>\n\n\n\n<p>\u00cdrta: D\u00e1vid Zolt\u00e1n<\/p>\n\n\n\n<p>&nbsp;&nbsp;&nbsp;&nbsp;&nbsp;&nbsp;&nbsp;&nbsp;&nbsp;&nbsp;&nbsp;&nbsp;&nbsp;&nbsp; Iskol\u00e1nk gimnazist\u00e1i 2022 szeptember\u00e9ben egyhetes projekten vettek r\u00e9szt M\u00e1lt\u00e1n. \u00d6sszesen harminc tanul\u00f3, t\u00edz f\u0151s csoportokban h\u00e1rom egym\u00e1st\u00f3l f\u00fcggetlen projekten dolgozott anyanyelvi mentorok ir\u00e1ny\u00edt\u00e1s\u00e1val. Az elm\u00e9ly\u00fclt projektmunka mellett ez a helyzet alkalmat teremtett a nyelvtanul\u00e1sra, a nemzetk\u00f6zi kapcsolatok \u00e9p\u00edt\u00e9s\u00e9re \u00e9s M\u00e1lta kultur\u00e1lis \u00e9rt\u00e9keinek felfedez\u00e9s\u00e9re is.<\/p>\n\n\n\n<p>&nbsp;&nbsp;&nbsp;&nbsp;&nbsp;&nbsp;&nbsp;&nbsp;&nbsp;&nbsp;&nbsp;&nbsp;&nbsp;&nbsp; Az els\u0151 csoport projektt\u00e9m\u00e1ja a <strong>k\u00f6rnyezettudatoss\u00e1g \u00e9s a fenntarthat\u00f3 fejl\u0151d\u00e9s probl\u00e9m\u00e1ja<\/strong> volt. A projekt keret\u00e9ben a di\u00e1kok \u00f6sszegy\u0171jt\u00f6tt\u00e9k a k\u00e9rd\u00e9sk\u00f6r sz\u00e1mukra \u00e9rz\u00e9kelhet\u0151, tapasztalhat\u00f3 jelens\u00e9geit. Megismert\u00e9k, hogy a turizmus feler\u0151s\u00f6d\u00e9se, a n\u00e9pess\u00e9g n\u00f6veked\u00e9se \u00e9s a k\u00f6zleked\u00e9s n\u00f6veked\u00e9s\u00e9b\u0151l fakad\u00f3 k\u00f6rnyezeti terhel\u00e9s milyen probl\u00e9m\u00e1khoz vezet M\u00e1lt\u00e1n. Megold\u00e1si javaslatokat fogalmaztak meg. Modelleket k\u00e9sz\u00edtettek, k\u00f6rnyezetbar\u00e1t otthont terveztek, \u00e9s ezen kereszt\u00fcl elsaj\u00e1t\u00edtott\u00e1k egy k\u00f6rnyezettudatosabb gondolkod\u00e1sm\u00f3d alapelemeit.<\/p>\n\n\n\n<p>&nbsp;&nbsp;&nbsp;&nbsp;&nbsp;&nbsp;&nbsp;&nbsp;&nbsp;&nbsp;&nbsp;&nbsp;&nbsp;&nbsp; A m\u00e1sodik csoport a <strong>fiatalok t\u00e1rsadalmi beilleszked\u00e9s\u00e9nek probl\u00e9m\u00e1i<\/strong>val foglalkozott. Az inform\u00e1ci\u00f3s t\u00e1rsadalom, az internet, a mobiltelefonok a streamingplatformok sokkal er\u0151sebben hatnak a tizen\u00e9vesek \u00e9let\u00e9re, mint a feln\u0151ttek\u00e9re. Az \u00faj kommunik\u00e1ci\u00f3s eszk\u00f6z\u00f6k olyan m\u00e9rt\u00e9kben alak\u00edtott\u00e1k \u00e1t az \u00faj gener\u00e1ci\u00f3 szok\u00e1sait, gondolkod\u00e1s\u00e1t, ismeretszerz\u00e9si lehet\u0151s\u00e9geit, hogy az jelent\u0151sen n\u00f6velte a fiatalok \u00e9s az feln\u0151ttek vil\u00e1ga k\u00f6z\u00f6tti szakad\u00e9kot. Ez komoly kih\u00edv\u00e1sok el\u00e9 \u00e1ll\u00edtja mindk\u00e9t gener\u00e1ci\u00f3t. A projektben r\u00e9sztvev\u0151k err\u0151l a helyzetr\u0151l gondolkodtak k\u00f6z\u00f6sen, fogalmaztak meg megold\u00e1si javaslatokat. &nbsp;&nbsp;&nbsp;&nbsp;&nbsp;&nbsp;&nbsp;&nbsp;&nbsp;&nbsp;&nbsp;&nbsp;<\/p>\n\n\n\n<p>A harmadik csoport t\u00e9m\u00e1ja a <strong>digit\u00e1lis kompetenci\u00e1k fejleszt\u00e9se<\/strong> volt. A csoport tagja a k\u00f6z\u00f6ss\u00e9gi m\u00e9di\u00e1ban az ut\u00f3bbi id\u0151ben megjelent \u00faj kommunik\u00e1ci\u00f3s \u00e9s alkot\u00f3 platformok haszn\u00e1lat\u00e1val ismerkedtek. Az online k\u00f6rnyezetben v\u00e9gzett csapatmunka alapszab\u00e1lyait \u00e9s eszk\u00f6zhaszn\u00e1lat\u00e1t saj\u00e1t\u00edtott\u00e1k el.<\/p>\n\n\n\n<p>A program k\u00fcl\u00f6n\u00f6sen \u00e9rt\u00e9kes eleme volt, hogy tanul\u00f3ink Franciaorsz\u00e1gb\u00f3l \u00e9s Olaszorsz\u00e1gb\u00f3l \u00e9rkez\u0151 di\u00e1kokkal laktak k\u00f6z\u00f6s sz\u00e1ll\u00e1son, \u00edgy lehet\u0151s\u00e9g\u00fck volt m\u00e1s eur\u00f3pai orsz\u00e1gokb\u00f3l \u00e9rkez\u0151 fiatalokkal kapcsolatot teremteni.<\/p>\n\n\n\n<p><a href=\"https:\/\/erasmus.klebi.hu\/wp-content\/uploads\/2023\/06\/hegedusbalazs.odt\" target=\"_blank\" rel=\"noreferrer noopener\">Di\u00e1kbesz\u00e1mol\u00f31<\/a>, <a href=\"https:\/\/erasmus.klebi.hu\/wp-content\/uploads\/2023\/06\/schucknoemi.docx\" target=\"_blank\" rel=\"noreferrer noopener\">di\u00e1kbesz\u00e1mol\u00f32<\/a><\/p>\n\n\n\n<h3 class=\"wp-block-heading has-text-align-center\">Vide\u00f3k az utaz\u00e1sr\u00f3l<\/h3>\n\n\n\n<figure class=\"wp-block-table\"><table><tbody><tr><td><iframe loading=\"lazy\" width=\"560\" height=\"315\" src=\"https:\/\/www.youtube.com\/embed\/u4LXEsGd4Xg?si=631Z-Q9jbh0CD1n8\" title=\"YouTube video player\" frameborder=\"0\" allow=\"accelerometer; autoplay; clipboard-write; encrypted-media; gyroscope; picture-in-picture; web-share\" allowfullscreen=\"\"><\/iframe><\/td><td><iframe loading=\"lazy\" width=\"560\" height=\"315\" src=\"https:\/\/www.youtube.com\/embed\/YRt_FRJ0cTs?si=ZJId6PR6lozNPSgt\" title=\"YouTube video player\" frameborder=\"0\" allow=\"accelerometer; autoplay; clipboard-write; encrypted-media; gyroscope; picture-in-picture; web-share\" allowfullscreen=\"\"><\/iframe><\/td><\/tr><tr><td><iframe loading=\"lazy\" width=\"560\" height=\"315\" src=\"https:\/\/www.youtube.com\/embed\/UlROFrnJUjY?si=Wat1A_ihoN6KQn2L\" title=\"YouTube video player\" frameborder=\"0\" allow=\"accelerometer; autoplay; clipboard-write; encrypted-media; gyroscope; picture-in-picture; web-share\" allowfullscreen=\"\"><\/iframe><\/td><td><iframe loading=\"lazy\" width=\"560\" height=\"315\" src=\"https:\/\/www.youtube.com\/embed\/CVKKbGz-Uho?si=qrI5ZFvMI45d5QE1\" title=\"YouTube video player\" frameborder=\"0\" allow=\"accelerometer; autoplay; clipboard-write; encrypted-media; gyroscope; picture-in-picture; web-share\" allowfullscreen=\"\"><\/iframe><\/td><\/tr><\/tbody><\/table><\/figure>\n\n\n\n<p>Az Erasmus+ akkredit\u00e1ci\u00f3s p\u00e1ly\u00e1zat\u00e1nak c\u00e9lja a digit\u00e1lis \u00e9s nyelvi kompetencia fejleszt\u00e9se. Ennek eredm\u00e9nyek\u00e9ppen sz\u00fcletett a linken megnyithat\u00f3 anyag is.<\/p>\n\n\n\n<p><a href=\"https:\/\/pravicsbarnabas.wixsite.com\/erasmus-malta\">https:\/\/pravicsbarnabas.wixsite.com\/erasmus-malta<\/a><\/p>\n\n\n\n<p>\u00a0A k\u00f6z\u00f6s programoknak \u00e9s foglalkoz\u00e1soknak k\u00f6sz\u00f6nhet\u0151en felejthetetlen \u00e9lm\u00e9nnyel gazdagodtak a di\u00e1kok. Emellett \u00faj bar\u00e1ts\u00e1gok is sz\u00fclettek az utaz\u00e1s sor\u00e1n. Ezt bizony\u00edtj\u00e1k a besz\u00e1mol\u00f3k \u00e9s az al\u00e1bbi plak\u00e1t is, amit \u0151k \u00e1ll\u00edtottak \u00f6ssze, hogy bemutass\u00e1k tev\u00e9kenys\u00e9g\u00fcket azoknak, akik itthon maradtak. A besz\u00e1mol\u00f3juk sikeres volt, mert t\u00f6bben kedvet kaptak az Erasmus+ programokhoz.<\/p>\n\n\n\n<p>Plak\u00e1tok<\/p>\n\n\n\n<figure class=\"wp-block-table\"><table><tbody><tr><td><img decoding=\"async\" src=\"https:\/\/erasmus.klebi.hu\/wp-content\/uploads\/2024\/01\/pl1-1.jpg\" alt=\"\"><\/td><td><img decoding=\"async\" src=\"https:\/\/erasmus.klebi.hu\/wp-content\/uploads\/2024\/01\/pl3-1024x720.jpg\" alt=\"\"><\/td><\/tr><tr><td><img loading=\"lazy\" decoding=\"async\" width=\"605\" height=\"454\" src=\"https:\/\/lh3.googleusercontent.com\/LYzxEtzE91_wdKJ-NKbB1bThEPM4xWdB2pw2TShCsX8DU76KzbHIhbLFtcV63qsN4DxhhNFL4qBxV5YfYzEs7hDbH9LHWx_wPqgnocNQ7cq3p9sHhJBOjNTl_K0oCawT1Cx5Wg-3XV3GS_m7K5U7Vw\" alt=\"A k\u00e9pen sz\u00f6veg, poszter, Grafikus tervez\u00e9s, bor\u00edt\u00e9k l\u00e1that\u00f3\n\nAutomatikusan gener\u00e1lt le\u00edr\u00e1s\"><\/td><td><img decoding=\"async\" src=\"https:\/\/erasmus.klebi.hu\/wp-content\/uploads\/2024\/01\/pl2-2-1024x748.jpg\" alt=\"\"><\/td><\/tr><\/tbody><\/table><\/figure>\n\n\n\n<p class=\"has-text-align-center\"><\/p>\n\n\n\n<h2 class=\"wp-block-heading has-text-align-center\">Disszemin\u00e1ci\u00f3<\/h2>\n\n\n\n<figure class=\"wp-block-table has-align-center\"><table class=\"wp-block-table has-align-center\" style=\"margin:0 auto;\"><tbody><tr><td> <figure class=\"wp-block-image size-large\"><img loading=\"lazy\" decoding=\"async\" width=\"350\" height=\"263\" class=\"wp-image-310\" src=\"https:\/\/erasmus.klebi.hu\/wp-content\/uploads\/2023\/08\/malta_02-1-1024x768.jpg\" alt=\"\" style=\"width: 350px;\" srcset=\"https:\/\/erasmus.klebi.hu\/wp-content\/uploads\/2023\/08\/malta_02-1-1024x768.jpg 1024w, https:\/\/erasmus.klebi.hu\/wp-content\/uploads\/2023\/08\/malta_02-1-300x225.jpg 300w, https:\/\/erasmus.klebi.hu\/wp-content\/uploads\/2023\/08\/malta_02-1-768x576.jpg 768w, https:\/\/erasmus.klebi.hu\/wp-content\/uploads\/2023\/08\/malta_02-1-1536x1152.jpg 1536w, https:\/\/erasmus.klebi.hu\/wp-content\/uploads\/2023\/08\/malta_02-1.jpg 1600w\" sizes=\"auto, (max-width: 350px) 100vw, 350px\" \/><\/figure> <\/td>\n<td>\n\n<figure class=\"wp-block-image size-large\"><img loading=\"lazy\" decoding=\"async\" width=\"1024\" height=\"768\" src=\"https:\/\/erasmus.klebi.hu\/wp-content\/uploads\/2023\/08\/malta_07-1024x768.jpg\"style=\"width: 350px; alt=\"\"  class=\"wp-image-309\" srcset=\"https:\/\/erasmus.klebi.hu\/wp-content\/uploads\/2023\/08\/malta_07-1024x768.jpg 1024w, https:\/\/erasmus.klebi.hu\/wp-content\/uploads\/2023\/08\/malta_07-300x225.jpg 300w, https:\/\/erasmus.klebi.hu\/wp-content\/uploads\/2023\/08\/malta_07-768x576.jpg 768w, https:\/\/erasmus.klebi.hu\/wp-content\/uploads\/2023\/08\/malta_07-1536x1152.jpg 1536w, https:\/\/erasmus.klebi.hu\/wp-content\/uploads\/2023\/08\/malta_07.jpg 1600w\" sizes=\"auto, (max-width: 1024px) 100vw, 1024px\" \/><\/figure><\/td><\/tr>\n<tr><td>\n\n<figure class=\"wp-block-image size-large\"><img loading=\"lazy\" decoding=\"async\" width=\"350\" height=\"263\" src=\"https:\/\/erasmus.klebi.hu\/wp-content\/uploads\/2023\/08\/malta_05-1024x768.jpg\" alt=\"\" style=\"width: 350px;\" class=\"wp-image-307\" srcset=\"https:\/\/erasmus.klebi.hu\/wp-content\/uploads\/2023\/08\/malta_05-1024x768.jpg 1024w, https:\/\/erasmus.klebi.hu\/wp-content\/uploads\/2023\/08\/malta_05-300x225.jpg 300w, https:\/\/erasmus.klebi.hu\/wp-content\/uploads\/2023\/08\/malta_05-768x576.jpg 768w, https:\/\/erasmus.klebi.hu\/wp-content\/uploads\/2023\/08\/malta_05-1536x1152.jpg 1536w, https:\/\/erasmus.klebi.hu\/wp-content\/uploads\/2023\/08\/malta_05.jpg 1600w\" sizes=\"auto, (max-width: 350px) 100vw, 350px\" \/><\/figure>\n\n<\/td>\n<td>\n\n<figure class=\"wp-block-image size-large\"><img loading=\"lazy\" decoding=\"async\" width=\"350\" height=\"263\" src=\"https:\/\/erasmus.klebi.hu\/wp-content\/uploads\/2023\/08\/malta_03-1024x768.jpg\" alt=\"\" style=\"width: 350px;\" class=\"wp-image-306\" srcset=\"https:\/\/erasmus.klebi.hu\/wp-content\/uploads\/2023\/08\/malta_03-1024x768.jpg 1024w, https:\/\/erasmus.klebi.hu\/wp-content\/uploads\/2023\/08\/malta_03-300x225.jpg 300w, https:\/\/erasmus.klebi.hu\/wp-content\/uploads\/2023\/08\/malta_03-768x576.jpg 768w, https:\/\/erasmus.klebi.hu\/wp-content\/uploads\/2023\/08\/malta_03-1536x1152.jpg 1536w, https:\/\/erasmus.klebi.hu\/wp-content\/uploads\/2023\/08\/malta_03.jpg 1600w\" sizes=\"auto, (max-width: 350px) 100vw, 350px\" \/><\/figure>\n\n<\/td><\/tr>\n<tr><td>\n\n<figure class=\"wp-block-image size-large\"><img loading=\"lazy\" decoding=\"async\" width=\"350\" height=\"263\" src=\"https:\/\/erasmus.klebi.hu\/wp-content\/uploads\/2023\/08\/malta_06-1024x768.jpg\" alt=\"\" style=\"width: 350px;\" class=\"wp-image-308\" srcset=\"https:\/\/erasmus.klebi.hu\/wp-content\/uploads\/2023\/08\/malta_06-1024x768.jpg 1024w, https:\/\/erasmus.klebi.hu\/wp-content\/uploads\/2023\/08\/malta_06-300x225.jpg 300w, https:\/\/erasmus.klebi.hu\/wp-content\/uploads\/2023\/08\/malta_06-768x576.jpg 768w, https:\/\/erasmus.klebi.hu\/wp-content\/uploads\/2023\/08\/malta_06-1536x1152.jpg 1536w, https:\/\/erasmus.klebi.hu\/wp-content\/uploads\/2023\/08\/malta_06.jpg 1600w\" sizes=\"auto, (max-width: 350px) 100vw, 350px\" \/><\/figure>\n\n<\/td>\n<td>\n\n<figure class=\"wp-block-image size-large\"><img loading=\"lazy\" decoding=\"async\" width=\"350\" height=\"263\" src=\"https:\/\/erasmus.klebi.hu\/wp-content\/uploads\/2023\/08\/malta_01-1024x768.jpg\" alt=\"\" style=\"width: 350px;\" class=\"wp-image-304\" srcset=\"https:\/\/erasmus.klebi.hu\/wp-content\/uploads\/2023\/08\/malta_01-1024x768.jpg 1024w, https:\/\/erasmus.klebi.hu\/wp-content\/uploads\/2023\/08\/malta_01-300x225.jpg 300w, https:\/\/erasmus.klebi.hu\/wp-content\/uploads\/2023\/08\/malta_01-768x576.jpg 768w, https:\/\/erasmus.klebi.hu\/wp-content\/uploads\/2023\/08\/malta_01-1536x1152.jpg 1536w, https:\/\/erasmus.klebi.hu\/wp-content\/uploads\/2023\/08\/malta_01.jpg 1600w\" sizes=\"auto, (max-width: 350px) 100vw, 350px\" \/><\/figure>\n\n<\/td><\/tr><\/tbody><\/table><\/figure>\n\n\n\n\n<h2 class=\"wp-block-heading\">Ausztriai Erasmus+ di\u00e1k mobilit\u00e1s 2023 tavasz &#8211; Bad Ischl <\/h2>\n\n\n\n<p>\u00cdrta: Majoros \u00c1gota<\/p>\n\n\n\n<p><strong>BESZ\u00c1MOL\u00d3 &#8211; BAD ISCHL B1 csoport<\/strong><strong><\/strong><\/p>\n\n\n\n<p>A mobilit\u00e1s sor\u00e1n csoportunk 10 tanul\u00f3ja (3 l\u00e1ny \u00e9s 7 fi\u00fa) a bad ischli Bundesgymnasium und Bundesrealgymnasium tanul\u00f3ival k\u00f6z\u00f6sen az \u00e1llatv\u00e9delem, \u00e1llatv\u00e9delmi t\u00f6rv\u00e9nyek \u00e9s jogok t\u00e9mak\u00f6rben v\u00e9geztek \u00f6sszehasonl\u00edt\u00f3 kutat\u00e1st. A projekt keret\u00e9ben a k\u00e9t orsz\u00e1g k\u00fcl\u00f6nb\u00f6z\u0151s\u00e9geit \u00e9s hasonl\u00f3s\u00e1gait vizsg\u00e1lt\u00e1k szakemberek seg\u00edts\u00e9g\u00e9vel. A program sor\u00e1n l\u00e1togat\u00e1st tettek egy helyi \u00e1llatk\u00f3rh\u00e1zban, egy labrador teny\u00e9szetben, egy \u00e1llatmenhelyen \u00e9s egy gazdas\u00e1gban. A projekt kiterjed mind a h\u00e1zi kedvencek, mind a haszon\u00e1llatok tart\u00e1s\u00e1ra, gondoz\u00e1s\u00e1ra, jogaira, v\u00e9delm\u00e9re. Milyen t\u00f6rv\u00e9nyek vonatkoznak a tulajdonosokra, hogyan siker\u00fcl az \u00e1llami szerveknek ezeket a t\u00f6rv\u00e9nyeket betartani?&nbsp; Milyen el\u0151\u00edr\u00e1sok szab\u00e1lyozz\u00e1k egy \u00e1llatmenhely m\u0171k\u00f6d\u00e9s\u00e9t? Hogyan val\u00f3sulnak meg az Eur\u00f3pa Uni\u00f3 alapelvei ezen a ter\u00fcleten?<\/p>\n\n\n<div class=\"wp-block-image\">\n<figure class=\"aligncenter size-large is-resized\"><img loading=\"lazy\" decoding=\"async\" width=\"768\" height=\"1024\" src=\"https:\/\/erasmus.klebi.hu\/wp-content\/uploads\/2024\/01\/1-768x1024.jpg\" alt=\"\" class=\"wp-image-468\" style=\"width:169px;height:auto\" srcset=\"https:\/\/erasmus.klebi.hu\/wp-content\/uploads\/2024\/01\/1-768x1024.jpg 768w, https:\/\/erasmus.klebi.hu\/wp-content\/uploads\/2024\/01\/1-225x300.jpg 225w, https:\/\/erasmus.klebi.hu\/wp-content\/uploads\/2024\/01\/1-1152x1536.jpg 1152w, https:\/\/erasmus.klebi.hu\/wp-content\/uploads\/2024\/01\/1.jpg 1536w\" sizes=\"auto, (max-width: 768px) 100vw, 768px\" \/><\/figure>\n<\/div>\n\n\n<p>Iskol\u00e1nk tanul\u00f3i az utaz\u00e1st megel\u0151z\u0151 hetekben el\u0151zetes feladatokat v\u00e9geztek el. Felkerest\u00e9k az \u00e1ltaluk kiv\u00e1lasztott \u00e1llatmenhelyet, \u00e1llatk\u00f3rh\u00e1zat \u00e9s gazdas\u00e1got. A l\u00e1togat\u00e1sok alkalm\u00e1val besz\u00e9lgettek az ott dolgoz\u00f3kkal, k\u00e9rd\u00e9seket tettek fel, fot\u00f3kat \u00e9s vide\u00f3felv\u00e9teleket k\u00e9sz\u00edtettek. Az el\u0151k\u00e9sz\u00edtett anyag seg\u00edts\u00e9g\u00fckre volt a k\u00f6z\u00f6s ausztriai munka sor\u00e1n.<\/p>\n\n\n<div class=\"wp-block-image\">\n<figure class=\"aligncenter size-large is-resized\"><img loading=\"lazy\" decoding=\"async\" width=\"768\" height=\"1024\" src=\"https:\/\/erasmus.klebi.hu\/wp-content\/uploads\/2024\/01\/2-768x1024.jpg\" alt=\"\" class=\"wp-image-469\" style=\"width:322px;height:auto\" srcset=\"https:\/\/erasmus.klebi.hu\/wp-content\/uploads\/2024\/01\/2-768x1024.jpg 768w, https:\/\/erasmus.klebi.hu\/wp-content\/uploads\/2024\/01\/2-225x300.jpg 225w, https:\/\/erasmus.klebi.hu\/wp-content\/uploads\/2024\/01\/2-1152x1536.jpg 1152w, https:\/\/erasmus.klebi.hu\/wp-content\/uploads\/2024\/01\/2.jpg 1536w\" sizes=\"auto, (max-width: 768px) 100vw, 768px\" \/><\/figure>\n<\/div>\n\n\n<p>&nbsp;Az egyhetes k\u00f6z\u00f6s munk\u00e1t egy tanulm\u00e1ny z\u00e1rta le.&nbsp;Az \u00f6sszehasonl\u00edt\u00f3 anyagot ppt. \u00e9s plak\u00e1t form\u00e1j\u00e1ban k\u00e9sz\u00edtett\u00e9k el a tanul\u00f3k.<\/p>\n\n\n\n<p>A k\u00f6z\u00f6s munk\u00e1t a d\u00e9lel\u0151tti \u00f3r\u00e1kra tervezt\u00fck, d\u00e9lut\u00e1nonk\u00e9nt pedig a tanul\u00f3k fakultat\u00edv programokon is r\u00e9szt vettek. A kir\u00e1ndul\u00e1sok sor\u00e1n megismerkedtek Ausztria kultur\u00e1lis \u00e9s term\u00e9szeti kincseivel, nyelvtud\u00e1suk pedig elm\u00e9ly\u00fclt.<\/p>\n\n\n\n<figure class=\"wp-block-image size-large\"><img loading=\"lazy\" decoding=\"async\" width=\"1024\" height=\"768\" src=\"https:\/\/erasmus.klebi.hu\/wp-content\/uploads\/2024\/01\/3-1024x768.jpg\" alt=\"\" class=\"wp-image-470\" srcset=\"https:\/\/erasmus.klebi.hu\/wp-content\/uploads\/2024\/01\/3-1024x768.jpg 1024w, https:\/\/erasmus.klebi.hu\/wp-content\/uploads\/2024\/01\/3-300x225.jpg 300w, https:\/\/erasmus.klebi.hu\/wp-content\/uploads\/2024\/01\/3-768x576.jpg 768w, https:\/\/erasmus.klebi.hu\/wp-content\/uploads\/2024\/01\/3-1536x1152.jpg 1536w, https:\/\/erasmus.klebi.hu\/wp-content\/uploads\/2024\/01\/3.jpg 2048w\" sizes=\"auto, (max-width: 1024px) 100vw, 1024px\" \/><\/figure>\n\n\n\n<p>A szabadid\u0151s programokat nagy k\u00f6r\u00fcltekint\u00e9ssel v\u00e1logattuk \u00f6ssze. Els\u0151k\u00e9nt a projektnek helyt ad\u00f3 v\u00e1ros megismer\u00e9s volt a c\u00e9l. A Kaiservilla, a cs\u00e1sz\u00e1ri park, a Sisi \u00f6sv\u00e9ny, a Siriuskogel Ferenc J\u00f3zsef \u00e9s Sisi kapcs\u00e1n Magyarorsz\u00e1g t\u00f6rt\u00e9net\u00e9hez is hozz\u00e1kapcsol\u00f3dik. Remek lehet\u0151s\u00e9get adott egy kis betekint\u00e9sre az Oszt\u00e1k-Magyar Monarchia t\u00f6rt\u00e9net\u00e9be, amivel megteremtett\u00fck a tant\u00e1rgyi kapcsol\u00f3d\u00e1st is.<\/p>\n\n\n\n<p><strong>&nbsp;BESZ\u00c1MOL\u00d3 &#8211; BAD ISCHL A2 csoport<\/strong><\/p>\n\n\n\n<p>Az utaz\u00e1son 10 f\u0151 13-14 \u00e9ves di\u00e1k \u00e9s 2 k\u00eds\u00e9r\u0151tan\u00e1r vett r\u00e9szt. \u00datic\u00e9lunk az ausztriai Bad Ischl volt. Egy hetet t\u00f6lt\u00f6tt\u00fcnk el ezen a var\u00e1zslatos helyen 2023. \u00e1prilis 23-29 k\u00f6z\u00f6tt. A Keleti P\u00e1lyaudvarr\u00f3l vonattal indultunk \u00e9s t\u00f6bbsz\u00f6ri \u00e1tsz\u00e1ll\u00e1s \u00e9s t\u00f6bb \u00f3r\u00e1s \u00fat megt\u00e9tele ut\u00e1n \u00e9rkezt\u00fcnk meg az ifj\u00fas\u00e1gi sz\u00e1ll\u00e1sra.<\/p>\n\n\n<div class=\"wp-block-image\">\n<figure class=\"aligncenter size-large is-resized\"><img loading=\"lazy\" decoding=\"async\" width=\"828\" height=\"1104\" src=\"https:\/\/erasmus.klebi.hu\/wp-content\/uploads\/2024\/01\/4-768x1024.jpg\" alt=\"\" class=\"wp-image-473\" style=\"width:338px;height:auto\" srcset=\"https:\/\/erasmus.klebi.hu\/wp-content\/uploads\/2024\/01\/4-768x1024.jpg 768w, https:\/\/erasmus.klebi.hu\/wp-content\/uploads\/2024\/01\/4-225x300.jpg 225w, https:\/\/erasmus.klebi.hu\/wp-content\/uploads\/2024\/01\/4.jpg 828w\" sizes=\"auto, (max-width: 828px) 100vw, 828px\" \/><\/figure>\n<\/div>\n\n\n<p>A fogad\u00f3 iskol\u00e1nk a Bundesgymnasium und Bundesrealgymnasium Bad Ischl volt, ahol kapcsolattart\u00f3nk Anton Pfeil \u00far eg\u00e9sz h\u00e9ten nagyon k\u00e9szs\u00e9gesen seg\u00edtette a munk\u00e1nkat. Az osztr\u00e1k di\u00e1kokkal k\u00f6z\u00f6sen a k\u00f6rnyezettudatos szeml\u00e9letr\u0151l, az \u00e1llatv\u00e9delemr\u0151l k\u00e9sz\u00edtett\u00fcnk \u00f6sszehasonl\u00edt\u00f3 tanulm\u00e1nyt Ausztri\u00e1ra \u00e9s Magyarorsz\u00e1gra vonatkoztatva. A k\u00f6z\u00f6s munka sor\u00e1n a n\u00e9met volt a munkanyelv. A heti munk\u00e1t az elk\u00e9sz\u00edtett PPT prezent\u00e1ci\u00f3k, jambord fel\u00fcletek, plak\u00e1tok, Kahoot kv\u00edz bemutat\u00e1sa z\u00e1rta.<\/p>\n\n\n<div class=\"wp-block-image\">\n<figure class=\"aligncenter size-large is-resized\"><img loading=\"lazy\" decoding=\"async\" width=\"768\" height=\"1024\" src=\"https:\/\/erasmus.klebi.hu\/wp-content\/uploads\/2024\/01\/5-768x1024.jpg\" alt=\"\" class=\"wp-image-474\" style=\"width:444px;height:auto\" srcset=\"https:\/\/erasmus.klebi.hu\/wp-content\/uploads\/2024\/01\/5-768x1024.jpg 768w, https:\/\/erasmus.klebi.hu\/wp-content\/uploads\/2024\/01\/5-225x300.jpg 225w, https:\/\/erasmus.klebi.hu\/wp-content\/uploads\/2024\/01\/5.jpg 828w\" sizes=\"auto, (max-width: 768px) 100vw, 768px\" \/><\/figure>\n<\/div>\n\n\n<p>A prezent\u00e1ci\u00f3k elk\u00e9sz\u00edt\u00e9s\u00e9hez seg\u00edts\u00e9get ny\u00fajtott, hogy ell\u00e1togattunk egy \u00e1llatklinik\u00e1ra, egy \u00e1llatteny\u00e9szt\u0151h\u00f6z \u00e9s egy parasztgazdas\u00e1gba. A di\u00e1kok a helysz\u00ednen besz\u00e9lgethettek az ott dolgoz\u00f3kkal, anyagokat gy\u0171jthettek, fot\u00f3kat k\u00e9sz\u00edthettek.<\/p>\n\n\n<div class=\"wp-block-image\">\n<figure class=\"aligncenter size-large is-resized\"><img loading=\"lazy\" decoding=\"async\" width=\"768\" height=\"1024\" src=\"https:\/\/erasmus.klebi.hu\/wp-content\/uploads\/2024\/01\/6-768x1024.jpg\" alt=\"\" class=\"wp-image-475\" style=\"width:353px;height:auto\" srcset=\"https:\/\/erasmus.klebi.hu\/wp-content\/uploads\/2024\/01\/6-768x1024.jpg 768w, https:\/\/erasmus.klebi.hu\/wp-content\/uploads\/2024\/01\/6-225x300.jpg 225w, https:\/\/erasmus.klebi.hu\/wp-content\/uploads\/2024\/01\/6.jpg 828w\" sizes=\"auto, (max-width: 768px) 100vw, 768px\" \/><\/figure>\n<\/div>\n\n\n<p>A szakmai munk\u00e1n t\u00fal a di\u00e1koknak lehet\u0151s\u00e9g\u00fck volt, hogy a szabadidej\u00fckben megismerkedhessenek a v\u00e1rossal, illetve k\u00f6z\u00f6sen kultur\u00e1lis programokon is r\u00e9szt vett\u00fcnk- kir\u00e1ndul\u00e1s Halstattba, Salzburgba. A kir\u00e1ndul\u00e1sok sor\u00e1n betekint\u00e9st nyerhettek a megl\u00e1togatott v\u00e1rosok t\u00f6rt\u00e9nelm\u00e9be, \u00edzel\u00edt\u0151t kaphattak a helyi szok\u00e1sokb\u00f3l, hagyom\u00e1nyokb\u00f3l.<\/p>\n\n\n\n<p>Elk\u00e9sz\u00edtett plak\u00e1tok<\/p>\n\n\n\n<figure class=\"wp-block-table\"><table><tbody><tr><td><img decoding=\"async\" src=\"https:\/\/erasmus.klebi.hu\/wp-content\/uploads\/2024\/01\/IMG_2899-1024x768.jpg\" alt=\"\"><\/td><td><strong><img decoding=\"async\" src=\"https:\/\/erasmus.klebi.hu\/wp-content\/uploads\/2024\/01\/IMG_2900-1024x768.jpg\" alt=\"\"><\/strong><\/td><td><img decoding=\"async\" src=\"https:\/\/erasmus.klebi.hu\/wp-content\/uploads\/2024\/01\/IMG_2901-1024x768.jpg\" alt=\"\"><\/td><\/tr><\/tbody><\/table><\/figure>\n\n\n\n<p><a href=\"https:\/\/docs.google.com\/document\/d\/1fuyJ7Cw9-bpvGo83I2LpYgi9S0_l-BTO\/edit?usp=sharing&amp;ouid=106312174990900757393&amp;rtpof=true&amp;sd=true\">Di\u00e1kbesz\u00e1mol\u00f31<\/a>, <a href=\"https:\/\/docs.google.com\/document\/d\/1YxSyqnik1rursxDXI1-vDuKhp-S_Dx4s\/edit?usp=sharing&amp;ouid=106312174990900757393&amp;rtpof=true&amp;sd=true\">di\u00e1kbesz\u00e1mol\u00f32<\/a>, <a href=\"https:\/\/drive.google.com\/file\/d\/1kHxThn7e1lCKlYBQ-G-mVca_ripevJle\/view?usp=sharing\">di\u00e1kbesz\u00e1mol\u00f33<\/a>, <a href=\"https:\/\/docs.google.com\/document\/d\/1NvrPiDBQdhqPEFv17Bgn9qCX5yPn4aWS\/edit?usp=sharing&amp;ouid=106312174990900757393&amp;rtpof=true&amp;sd=true\">di\u00e1kbesz\u00e1mol\u00f34<\/a>, <a href=\"https:\/\/docs.google.com\/document\/d\/1740VCGk_SP3dTfDyVKMl1PNeRO5SudmR\/edit?usp=sharing&amp;ouid=106312174990900757393&amp;rtpof=true&amp;sd=true\">di\u00e1kbesz\u00e1mol\u00f35<\/a>, <a href=\"https:\/\/docs.google.com\/document\/d\/11REngqtPxSYjiXBir8hk5J26wDIYHQQb\/edit?usp=sharing&amp;ouid=106312174990900757393&amp;rtpof=true&amp;sd=true\">di\u00e1kbesz\u00e1mol\u00f36<\/a>,<a href=\"https:\/\/docs.google.com\/document\/d\/14QQ5y06G8_-SI85Q4VIMvSYlfMX-bTDx\/edit?usp=sharing&amp;ouid=106312174990900757393&amp;rtpof=true&amp;sd=true\"> di\u00e1kbesz\u00e1mol\u00f37<\/a>, <a href=\"https:\/\/docs.google.com\/document\/d\/1noIqzECQ8dHqgXo4u8QQXUg7ycMyfsaB\/edit?usp=sharing&amp;ouid=106312174990900757393&amp;rtpof=true&amp;sd=true\">di\u00e1kbesz\u00e1mol\u00f38<\/a>, <a href=\"https:\/\/docs.google.com\/document\/d\/1GGFjUmgMKm5ExhPIvFj5rymMKf7E9_3C\/edit?usp=sharing&amp;ouid=106312174990900757393&amp;rtpof=true&amp;sd=true\">di\u00e1kbesz\u00e1mol\u00f39<\/a>, <a href=\"https:\/\/docs.google.com\/document\/d\/1aWMNeRZg4IBkukoLwG_JjBHFHOV9Q_oD\/edit?usp=sharing&amp;ouid=106312174990900757393&amp;rtpof=true&amp;sd=true\">di\u00e1kbesz\u00e1mol\u00f310<\/a><\/p>\n\n\n\n<p class=\"has-text-align-center\"><\/p>\n\n\n\n<h2 class=\"wp-block-heading has-text-align-center\">Disszemin\u00e1ci\u00f3<\/h2>\n\n\n\n<figure class=\"wp-block-table aligncenter\"><table><tbody><tr><td><img decoding=\"async\" src=\"https:\/\/erasmus.klebi.hu\/wp-content\/uploads\/2024\/01\/Dissemination_A2_Tierhandlung-768x1024.jpg\" alt=\"\"><\/td><td><img decoding=\"async\" src=\"https:\/\/erasmus.klebi.hu\/wp-content\/uploads\/2024\/01\/Dissemination-B1_Bauenhof-768x1024.jpg\" alt=\"\"><\/td><td><img decoding=\"async\" src=\"https:\/\/erasmus.klebi.hu\/wp-content\/uploads\/2024\/01\/Dissemination_A2_Tierklinik-768x1024.jpg\" alt=\"\"><\/td><\/tr><tr><td><img decoding=\"async\" src=\"https:\/\/erasmus.klebi.hu\/wp-content\/uploads\/2024\/01\/Dissemination_A2_Tiersalon-768x1024.jpg\" alt=\"\"><\/td><td><img decoding=\"async\" src=\"https:\/\/erasmus.klebi.hu\/wp-content\/uploads\/2024\/01\/Dissemination_B1_Tierheim-768x1024.jpg\" alt=\"\"><\/td><td><img decoding=\"async\" src=\"https:\/\/erasmus.klebi.hu\/wp-content\/uploads\/2024\/01\/Dissemination_B1_Tierzucht-768x1024.jpg\" alt=\"\"><\/td><\/tr><\/tbody><\/table><figcaption class=\"wp-element-caption\">\u00c9rdekl\u0151d\u0151 di\u00e1kok<\/figcaption><\/figure>\n\n\n\n<figure class=\"wp-block-image size-large\"><img loading=\"lazy\" decoding=\"async\" width=\"1024\" height=\"768\" src=\"https:\/\/erasmus.klebi.hu\/wp-content\/uploads\/2024\/01\/Dissemination_A2_Tierklinik_BI-1024x768.jpg\" alt=\"\" class=\"wp-image-432\" srcset=\"https:\/\/erasmus.klebi.hu\/wp-content\/uploads\/2024\/01\/Dissemination_A2_Tierklinik_BI-1024x768.jpg 1024w, https:\/\/erasmus.klebi.hu\/wp-content\/uploads\/2024\/01\/Dissemination_A2_Tierklinik_BI-300x225.jpg 300w, https:\/\/erasmus.klebi.hu\/wp-content\/uploads\/2024\/01\/Dissemination_A2_Tierklinik_BI-768x576.jpg 768w, https:\/\/erasmus.klebi.hu\/wp-content\/uploads\/2024\/01\/Dissemination_A2_Tierklinik_BI-1536x1152.jpg 1536w, https:\/\/erasmus.klebi.hu\/wp-content\/uploads\/2024\/01\/Dissemination_A2_Tierklinik_BI.jpg 2048w\" sizes=\"auto, (max-width: 1024px) 100vw, 1024px\" \/><\/figure>\n","protected":false},"excerpt":{"rendered":"<p>M\u00e1lta Erasmus+ di\u00e1kmobilit\u00e1s 2022 szeptember \u00cdrta: D\u00e1vid Zolt\u00e1n &nbsp;&nbsp;&nbsp;&nbsp;&nbsp;&nbsp;&nbsp;&nbsp;&nbsp;&nbsp;&nbsp;&nbsp;&nbsp;&nbsp; Iskol\u00e1nk gimnazist\u00e1i 2022 szeptember\u00e9ben egyhetes projekten vettek r\u00e9szt M\u00e1lt\u00e1n. \u00d6sszesen harminc tanul\u00f3, t\u00edz f\u0151s csoportokban h\u00e1rom egym\u00e1st\u00f3l f\u00fcggetlen projekten dolgozott anyanyelvi mentorok ir\u00e1ny\u00edt\u00e1s\u00e1val. Az elm\u00e9ly\u00fclt projektmunka mellett ez a helyzet alkalmat teremtett a nyelvtanul\u00e1sra, a nemzetk\u00f6zi kapcsolatok \u00e9p\u00edt\u00e9s\u00e9re \u00e9s M\u00e1lta kultur\u00e1lis [&hellip;]<\/p>\n","protected":false},"author":1,"featured_media":0,"parent":0,"menu_order":0,"comment_status":"closed","ping_status":"closed","template":"","meta":{"footnotes":""},"class_list":["post-229","page","type-page","status-publish","hentry"],"yoast_head":"<!-- This site is optimized with the Yoast SEO plugin v19.6.1 - https:\/\/yoast.com\/wordpress\/plugins\/seo\/ -->\n<title>Di\u00e1kprojekt 2022\/2023-as tan\u00e9v - Erasmus+ Kl\u00e9bi<\/title>\n<meta name=\"robots\" content=\"index, follow, max-snippet:-1, max-image-preview:large, max-video-preview:-1\" \/>\n<link rel=\"canonical\" href=\"https:\/\/erasmus.klebi.hu\/index.php\/diakprojekt-2022-23\/\" \/>\n<meta property=\"og:locale\" content=\"hu_HU\" \/>\n<meta property=\"og:type\" content=\"article\" \/>\n<meta property=\"og:title\" content=\"Di\u00e1kprojekt 2022\/2023-as tan\u00e9v - Erasmus+ Kl\u00e9bi\" \/>\n<meta property=\"og:description\" content=\"M\u00e1lta Erasmus+ di\u00e1kmobilit\u00e1s 2022 szeptember \u00cdrta: D\u00e1vid Zolt\u00e1n &nbsp;&nbsp;&nbsp;&nbsp;&nbsp;&nbsp;&nbsp;&nbsp;&nbsp;&nbsp;&nbsp;&nbsp;&nbsp;&nbsp; Iskol\u00e1nk gimnazist\u00e1i 2022 szeptember\u00e9ben egyhetes projekten vettek r\u00e9szt M\u00e1lt\u00e1n. \u00d6sszesen harminc tanul\u00f3, t\u00edz f\u0151s csoportokban h\u00e1rom egym\u00e1st\u00f3l f\u00fcggetlen projekten dolgozott anyanyelvi mentorok ir\u00e1ny\u00edt\u00e1s\u00e1val. Az elm\u00e9ly\u00fclt projektmunka mellett ez a helyzet alkalmat teremtett a nyelvtanul\u00e1sra, a nemzetk\u00f6zi kapcsolatok \u00e9p\u00edt\u00e9s\u00e9re \u00e9s M\u00e1lta kultur\u00e1lis [&hellip;]\" \/>\n<meta property=\"og:url\" content=\"https:\/\/erasmus.klebi.hu\/index.php\/diakprojekt-2022-23\/\" \/>\n<meta property=\"og:site_name\" content=\"Erasmus+ Kl\u00e9bi\" \/>\n<meta property=\"article:modified_time\" content=\"2024-01-30T07:44:11+00:00\" \/>\n<meta property=\"og:image\" content=\"https:\/\/erasmus.klebi.hu\/wp-content\/uploads\/2024\/01\/pl1-1.jpg\" \/>\n<meta name=\"twitter:card\" content=\"summary_large_image\" \/>\n<meta name=\"twitter:label1\" content=\"Becs\u00fclt olvas\u00e1si id\u0151\" \/>\n\t<meta name=\"twitter:data1\" content=\"3 perc\" \/>\n<script type=\"application\/ld+json\" class=\"yoast-schema-graph\">{\"@context\":\"https:\/\/schema.org\",\"@graph\":[{\"@type\":\"WebPage\",\"@id\":\"https:\/\/erasmus.klebi.hu\/index.php\/diakprojekt-2022-23\/\",\"url\":\"https:\/\/erasmus.klebi.hu\/index.php\/diakprojekt-2022-23\/\",\"name\":\"Di\u00e1kprojekt 2022\/2023-as tan\u00e9v - Erasmus+ Kl\u00e9bi\",\"isPartOf\":{\"@id\":\"https:\/\/erasmus.klebi.hu\/#website\"},\"datePublished\":\"2023-06-11T15:39:49+00:00\",\"dateModified\":\"2024-01-30T07:44:11+00:00\",\"breadcrumb\":{\"@id\":\"https:\/\/erasmus.klebi.hu\/index.php\/diakprojekt-2022-23\/#breadcrumb\"},\"inLanguage\":\"hu\",\"potentialAction\":[{\"@type\":\"ReadAction\",\"target\":[\"https:\/\/erasmus.klebi.hu\/index.php\/diakprojekt-2022-23\/\"]}]},{\"@type\":\"BreadcrumbList\",\"@id\":\"https:\/\/erasmus.klebi.hu\/index.php\/diakprojekt-2022-23\/#breadcrumb\",\"itemListElement\":[{\"@type\":\"ListItem\",\"position\":1,\"name\":\"Home\",\"item\":\"https:\/\/erasmus.klebi.hu\/\"},{\"@type\":\"ListItem\",\"position\":2,\"name\":\"Di\u00e1kprojekt 2022\/2023-as tan\u00e9v\"}]},{\"@type\":\"WebSite\",\"@id\":\"https:\/\/erasmus.klebi.hu\/#website\",\"url\":\"https:\/\/erasmus.klebi.hu\/\",\"name\":\"Erasmus+ Kl\u00e9bi\",\"description\":\"Klebelsberg Kuno \u00c1ltal\u00e1nos Iskola \u00e9s Gimn\u00e1zium Erasmus+  honlapja\",\"potentialAction\":[{\"@type\":\"SearchAction\",\"target\":{\"@type\":\"EntryPoint\",\"urlTemplate\":\"https:\/\/erasmus.klebi.hu\/?s={search_term_string}\"},\"query-input\":\"required name=search_term_string\"}],\"inLanguage\":\"hu\"}]}<\/script>\n<!-- \/ Yoast SEO plugin. -->","yoast_head_json":{"title":"Di\u00e1kprojekt 2022\/2023-as tan\u00e9v - Erasmus+ Kl\u00e9bi","robots":{"index":"index","follow":"follow","max-snippet":"max-snippet:-1","max-image-preview":"max-image-preview:large","max-video-preview":"max-video-preview:-1"},"canonical":"https:\/\/erasmus.klebi.hu\/index.php\/diakprojekt-2022-23\/","og_locale":"hu_HU","og_type":"article","og_title":"Di\u00e1kprojekt 2022\/2023-as tan\u00e9v - Erasmus+ Kl\u00e9bi","og_description":"M\u00e1lta Erasmus+ di\u00e1kmobilit\u00e1s 2022 szeptember \u00cdrta: D\u00e1vid Zolt\u00e1n &nbsp;&nbsp;&nbsp;&nbsp;&nbsp;&nbsp;&nbsp;&nbsp;&nbsp;&nbsp;&nbsp;&nbsp;&nbsp;&nbsp; Iskol\u00e1nk gimnazist\u00e1i 2022 szeptember\u00e9ben egyhetes projekten vettek r\u00e9szt M\u00e1lt\u00e1n. \u00d6sszesen harminc tanul\u00f3, t\u00edz f\u0151s csoportokban h\u00e1rom egym\u00e1st\u00f3l f\u00fcggetlen projekten dolgozott anyanyelvi mentorok ir\u00e1ny\u00edt\u00e1s\u00e1val. Az elm\u00e9ly\u00fclt projektmunka mellett ez a helyzet alkalmat teremtett a nyelvtanul\u00e1sra, a nemzetk\u00f6zi kapcsolatok \u00e9p\u00edt\u00e9s\u00e9re \u00e9s M\u00e1lta kultur\u00e1lis [&hellip;]","og_url":"https:\/\/erasmus.klebi.hu\/index.php\/diakprojekt-2022-23\/","og_site_name":"Erasmus+ Kl\u00e9bi","article_modified_time":"2024-01-30T07:44:11+00:00","og_image":[{"url":"https:\/\/erasmus.klebi.hu\/wp-content\/uploads\/2024\/01\/pl1-1.jpg"}],"twitter_card":"summary_large_image","twitter_misc":{"Becs\u00fclt olvas\u00e1si id\u0151":"3 perc"},"schema":{"@context":"https:\/\/schema.org","@graph":[{"@type":"WebPage","@id":"https:\/\/erasmus.klebi.hu\/index.php\/diakprojekt-2022-23\/","url":"https:\/\/erasmus.klebi.hu\/index.php\/diakprojekt-2022-23\/","name":"Di\u00e1kprojekt 2022\/2023-as tan\u00e9v - Erasmus+ Kl\u00e9bi","isPartOf":{"@id":"https:\/\/erasmus.klebi.hu\/#website"},"datePublished":"2023-06-11T15:39:49+00:00","dateModified":"2024-01-30T07:44:11+00:00","breadcrumb":{"@id":"https:\/\/erasmus.klebi.hu\/index.php\/diakprojekt-2022-23\/#breadcrumb"},"inLanguage":"hu","potentialAction":[{"@type":"ReadAction","target":["https:\/\/erasmus.klebi.hu\/index.php\/diakprojekt-2022-23\/"]}]},{"@type":"BreadcrumbList","@id":"https:\/\/erasmus.klebi.hu\/index.php\/diakprojekt-2022-23\/#breadcrumb","itemListElement":[{"@type":"ListItem","position":1,"name":"Home","item":"https:\/\/erasmus.klebi.hu\/"},{"@type":"ListItem","position":2,"name":"Di\u00e1kprojekt 2022\/2023-as tan\u00e9v"}]},{"@type":"WebSite","@id":"https:\/\/erasmus.klebi.hu\/#website","url":"https:\/\/erasmus.klebi.hu\/","name":"Erasmus+ Kl\u00e9bi","description":"Klebelsberg Kuno \u00c1ltal\u00e1nos Iskola \u00e9s Gimn\u00e1zium Erasmus+  honlapja","potentialAction":[{"@type":"SearchAction","target":{"@type":"EntryPoint","urlTemplate":"https:\/\/erasmus.klebi.hu\/?s={search_term_string}"},"query-input":"required name=search_term_string"}],"inLanguage":"hu"}]}},"_links":{"self":[{"href":"https:\/\/erasmus.klebi.hu\/index.php\/wp-json\/wp\/v2\/pages\/229","targetHints":{"allow":["GET"]}}],"collection":[{"href":"https:\/\/erasmus.klebi.hu\/index.php\/wp-json\/wp\/v2\/pages"}],"about":[{"href":"https:\/\/erasmus.klebi.hu\/index.php\/wp-json\/wp\/v2\/types\/page"}],"author":[{"embeddable":true,"href":"https:\/\/erasmus.klebi.hu\/index.php\/wp-json\/wp\/v2\/users\/1"}],"replies":[{"embeddable":true,"href":"https:\/\/erasmus.klebi.hu\/index.php\/wp-json\/wp\/v2\/comments?post=229"}],"version-history":[{"count":51,"href":"https:\/\/erasmus.klebi.hu\/index.php\/wp-json\/wp\/v2\/pages\/229\/revisions"}],"predecessor-version":[{"id":494,"href":"https:\/\/erasmus.klebi.hu\/index.php\/wp-json\/wp\/v2\/pages\/229\/revisions\/494"}],"wp:attachment":[{"href":"https:\/\/erasmus.klebi.hu\/index.php\/wp-json\/wp\/v2\/media?parent=229"}],"curies":[{"name":"wp","href":"https:\/\/api.w.org\/{rel}","templated":true}]}}