{"id":415,"date":"2024-01-29T13:23:42","date_gmt":"2024-01-29T13:23:42","guid":{"rendered":"https:\/\/erasmus.klebi.hu\/?page_id=415"},"modified":"2024-01-30T07:48:18","modified_gmt":"2024-01-30T07:48:18","slug":"diak-projektek-2023-2024-es-tanev","status":"publish","type":"page","link":"https:\/\/erasmus.klebi.hu\/index.php\/diak-projektek-2023-2024-es-tanev\/","title":{"rendered":"Di\u00e1k projektek 2023\/2024-es tan\u00e9v"},"content":{"rendered":"\n<h2 class=\"wp-block-heading\">Lettorsz\u00e1gi Erasmus+ di\u00e1kmobilit\u00e1s 2023 szeptember<\/h2>\n\n\n\n<p>\u00cdrta: D\u00e1vid Zolt\u00e1n<\/p>\n\n\n\n<p><strong>A lettortsz\u00e1gi mobilit\u00e1sr\u00f3l (2023)<\/strong><\/p>\n\n\n\n<p><strong>A program<\/strong><\/p>\n\n\n\n<p>A kiutaz\u00e1s k\u00e9t helysz\u00ednhez kapcsol\u00f3dott, Rig\u00e1hoz \u00e9s Aizput\u00e9hoz.<\/p>\n\n\n\n<p><strong>07.07. szombat <\/strong>Riga Az esti \u00f3r\u00e1kban \u00e9rkezt\u00fcnk meg. Elfoglaltuk a sz\u00e1ll\u00e1st \u00e9s megvacsor\u00e1ztunk.<\/p>\n\n\n\n<p><strong>07.08. vas\u00e1rnap<\/strong> Riga d\u00e9lel\u0151tt v\u00e1rosn\u00e9z\u00e9s, \u00e9s a piac, d\u00e9lben tal\u00e1lkoz\u00e1s a szervez\u0151kkel \u00e9s a portug\u00e1lokkal, d\u00e9lut\u00e1n v\u00e1rosn\u00e9z\u00e9s, este k\u00f6z\u00f6s vacsora<\/p>\n\n\n\n<p><strong>07.09. h\u00e9tf\u0151<\/strong> Riga L\u00e1togat\u00e1s a rigai egyetemen. Egy kutat\u00f3 el\u0151ad\u00e1st tartott nek\u00fcnk az \u00fajrahasznos\u00edt\u00e1sr\u00f3l, \u00e9s l\u00e1togat\u00e1st tett\u00fcnk egy laborban, ahol egy m\u00e1sik kutat\u00f3 a leveg\u0151szennyez\u00e9sr\u0151l besz\u00e9lt. Eb\u00e9d az egyetemen, ut\u00e1na l\u00e1togat\u00e1s egy varrod\u00e1ban, ahol haszn\u00e1lt ruh\u00e1kb\u00f3l k\u00e9sz\u00edtenek \u00fajakat. D\u00e9lut\u00e1n megn\u00e9zt\u00fck bel\u00fclr\u0151l is a Fekete fejek h\u00e1z\u00e1t \u00e9s a Szent P\u00e9ter templomot. Este k\u00f6z\u00f6s vacsora a portug\u00e1lokkal.<\/p>\n\n\n\n<p><strong>07.10. kedd<\/strong> reggel indul\u00e1s Aizputeba. Egy nagyon modern hullad\u00e9kfeldolgoz\u00f3 telep megtekint\u00e9se. \u00datk\u00f6zben eb\u00e9d egy nagyon j\u00f3 \u00e9tteremben. A Rundal Palace megtekint\u00e9se idegenvezet\u00e9ssel. Este \u00e9rkez\u00e9s Aizputeba. A di\u00e1kokat \u00e1tveszik a fogad\u00f3 csal\u00e1dok.<\/p>\n\n\n\n<p><strong>07.11. szerda<\/strong> 9 \u00f3r\u00e1ra \u00e9rkezt\u00fcnk az iskol\u00e1ba. Az ajt\u00f3ban lett n\u00e9pviseletbe \u00f6lt\u00f6z\u00f6tt gyerekek fogadtak. Bemutatt\u00e1k az iskol\u00e1t. A sz\u00ednh\u00e1zteremben 3-4 m\u0171sorsz\u00e1mb\u00f3l \u00e1ll\u00f3 kis m\u0171sor (t\u00e1nc \u00e9s \u00e9nekprodukci\u00f3k). Ezt k\u00f6vette a csapatok bemutatkoz\u00e1sa, majd tal\u00e1lkoz\u00e1s az igazgat\u00f3n\u0151vel. Ezut\u00e1n az orsz\u00e1gokat \u00e9s az iskol\u00e1kat bemutat\u00f3 prezent\u00e1ci\u00f3k hangzottak el. D\u00e9lut\u00e1n kir\u00e1ndul\u00e1s Kuldig\u00e1ba. A gyerekek visszamentek Aizputeba, ahol k\u00f6z\u00f6s vacsora \u00e9s j\u00e1t\u00e9kok k\u00f6vetkeztek. A tan\u00e1rok Kuldig\u00e1ban vacsor\u00e1ztak egy igen sz\u00ednvonalas \u00e9tteremben.<\/p>\n\n\n\n<p><strong>07.12. cs\u00fct\u00f6rt\u00f6k<\/strong> 9 \u00f3r\u00e1t\u00f3l az iskol\u00e1ban voltunk. A k\u00f6rnyezetv\u00e9delemmel kapcsolatos prezent\u00e1ci\u00f3k, majd workshop (k\u00e9zm\u0171vesked\u00e9s az \u00fajrahasznos\u00edt\u00e1s szellem\u00e9ben, n\u00e9gy teremben, csoportokban forg\u00f3sz\u00ednpad jelleggel). D\u00e9lut\u00e1n gy\u00e1rl\u00e1togat\u00e1s a Schwenk Latwia cementgy\u00e1rban. A v\u00e1llalat k\u00e9t vezet\u0151 m\u00e9rn\u00f6ke tartott el\u0151ad\u00e1st arr\u00f3l, hogy milyen er\u0151fesz\u00edt\u00e9seket tesz a gy\u00e1r a k\u00f6rnyezeti terhel\u00e9s cs\u00f6kkent\u00e9se \u00e9rdek\u00e9ben.<\/p>\n\n\n\n<p><strong>07.13. p\u00e9ntek<\/strong> Kir\u00e1ndul\u00e1s Liepaj\u00e1ba. \u00datk\u00f6zben l\u00e1togat\u00e1s a r\u00e9gi\u00f3 polg\u00e1rmester\u00e9n\u00e9l, besz\u00e9lget\u00e9s az oktat\u00e1s helyzet\u00e9r\u0151l a r\u00e9gi\u00f3ban. &nbsp;Este vacsora \u00e9s b\u00facs\u00fabuli a klubh\u00e1zban tort\u00e1val, k\u00f6zben a tan\u00e1roknak bens\u0151s\u00e9ges hangulat\u00fa gyertyaf\u00e9nyes \u00e9rtekezlet pezsg\u0151vel. &nbsp;&nbsp;&nbsp;<\/p>\n\n\n\n<p><strong>Felmer\u00fcl\u0151 k\u00e9rd\u00e9sek<\/strong><\/p>\n\n\n\n<ul class=\"wp-block-list\">\n<li>H\u00e1ny di\u00e1kot tudunk fogadni?<\/li>\n<\/ul>\n\n\n\n<p>A partnerek v\u00e1laszt v\u00e1rnak azzal kapcsolatban, hogy h\u00e1ny gyereket tudunk fogadni. Legk\u00e9s\u0151bb okt\u00f3ber v\u00e9g\u00e9n, november elej\u00e9n tudniuk kell, mert szeretn\u00e9k megvenni a rep\u00fcl\u0151jegyeket.<\/p>\n\n\n\n<ul class=\"wp-block-list\">\n<li>Mi lesz a feladat?<\/li>\n<\/ul>\n\n\n\n<p>T\u0151l\u00fcnk k\u00e9rdezik, hogy mi legyen a gyerekek feladata. Lettorsz\u00e1gban a gyerekek bemutatt\u00e1k az orsz\u00e1gukat \u00e9s az iskol\u00e1jukat. Ezt szeretn\u00e9k tov\u00e1bbfejleszteni p\u00e9ld\u00e1ul abba az ir\u00e1nyba, hogy a gyerekek k\u00e9sz\u00edtsenek prezent\u00e1ci\u00f3t az orsz\u00e1guk \u00fcnnepeivel \u00e9s n\u00e9pszok\u00e1saival kapcsolatban. M\u00e1sr\u00e9szt a projekt t\u00e9m\u00e1ja a k\u00f6rnyezetv\u00e9delem \u00e9s a fenntarthat\u00f3s\u00e1g. (A projekt c\u00edme Seeds, a k\u00f6z\u00e9ppontj\u00e1ban a 6R \u00e1ll.) Azt a t\u00e9m\u00e1t is szeretn\u00e9k valamilyen ir\u00e1nyban tov\u00e1bbfejleszteni (pl.: k\u00f6rnyezetszennyez\u00e9s), ezzel kapcsolatban a mi v\u00e9lem\u00e9ny\u00fcnket k\u00e9rdezik.<\/p>\n\n\n\n<ul class=\"wp-block-list\">\n<li>Sz\u00e1ll\u00e1s \u00e9s \u00e9tkez\u00e9s?<\/li>\n<\/ul>\n\n\n\n<p>A portug\u00e1lok 14 di\u00e1kkal \u00e9s 5 tan\u00e1rral, a lettek 6 di\u00e1kkal \u00e9s 2 vagy 3 tan\u00e1rral tervezik az utaz\u00e1st. A portug\u00e1lokt\u00f3l \u00e9rkezik az igazgat\u00f3n\u0151 is, a lettekt\u0151l vagy csak a k\u00e9t koordin\u00e1tor, vagy a k\u00e9t koordin\u00e1tor \u00e9s az igazgat\u00f3n\u0151 \u00e9rkezik. K\u00e9rik t\u0151l\u00fcnk, hogy javasoljunk nekik sz\u00e1ll\u00e1st. Lettorsz\u00e1gban a sz\u00e1ll\u00e1st a lett szervez\u0151k foglalt\u00e1k le. Mindk\u00e9t sz\u00e1ll\u00e1s nagyon sz\u00ednvonalas volt. Az els\u0151 egy n\u00e9gycsillagos belv\u00e1rosi sz\u00e1llod\u00e1ban Rig\u00e1ban, a m\u00e1sodik egy wellnessk\u00f6zpontban Aizputeban. Az \u00e9ttermeket is a szervez\u0151k foglalt\u00e1k, sz\u00ednvonalas k\u00f6z\u00e9pkateg\u00f3ri\u00e1s \u00e9ttermekben, az \u00e1rakat a programban el\u0151re meg\u00edrt\u00e1k, hogy tudjuk tervezni a k\u00f6lts\u00e9geket.<\/p>\n\n\n\n<p><strong>A szervez\u0151k munk\u00e1j\u00e1r\u00f3l<\/strong><\/p>\n\n\n\n<p>A k\u00e9t szervez\u0151 (Vica \u00e9s Indra) folyamatosan vel\u00fcnk volt. \u0150k azon a h\u00e9ten nem tan\u00edtottak. Az egy\u00fcttm\u0171k\u00f6d\u00e9s\u00fck t\u00f6k\u00e9letes volt. Stressznek, fesz\u00fclts\u00e9gnek, vit\u00e1nak nyoma nem volt. L\u00e1tszott, hogy r\u00e9g\u00f3ta dolgoznak egy\u00fctt, \u00e9s t\u00f6k\u00e9letesen meg\u00e9rtik egym\u00e1st. Mindketten j\u00f3l besz\u00e9ltek angolul. Rugalmasak voltak, a k\u00e9r\u00e9seinket figyelembe vett\u00e9k. Visszacsatol\u00e1st v\u00e1rtak, a programokkal kapcsolatban az \u00e9rt\u00e9kel\u00e9s\u00fcnket k\u00e9rt\u00e9k. Sok seg\u00edts\u00e9get kaptak a sz\u00fcl\u0151kt\u0151l. A gyerekek sz\u00e1m\u00e1ra szervezett esti programokhoz az ennival\u00f3t a sz\u00fcl\u0151k hozt\u00e1k (rendelt\u00e9k vagy k\u00e9sz\u00edtett\u00e9k, nem tudjuk, de nagyon profi volt).<\/p>\n\n\n\n<p><strong>Megfigyel\u00e9sek<\/strong><\/p>\n\n\n\n<ol class=\"wp-block-list\">\n<li>J\u00f3 volt, hogy a program k\u00e9t r\u00e9szb\u0151l \u00e1llt. H\u00e1rom napig a gyerekek Rig\u00e1ban vel\u00fcnk egy\u00fctt egy hotelben voltak elsz\u00e1ll\u00e1solva Rig\u00e1ban. \u00cdgy a fogad\u00f3csal\u00e1dokn\u00e1l csak n\u00e9gy \u00e9jszak\u00e1t t\u00f6lt\u00f6ttek, ami kev\u00e9sb\u00e9 megterhel\u0151.<\/li>\n\n\n\n<li>A prezent\u00e1ci\u00f3kat \u00e9s a projekt t\u00e9m\u00e1j\u00e1t nagyon komolyan vett\u00e9k tartalmi, nyelvi \u00e9s informatikai szempontb\u00f3l egyar\u00e1nt.<\/li>\n\n\n\n<li>A csoportok k\u00f6z\u00f6tti kommunik\u00e1ci\u00f3 nehezen indult, amennyire k\u00f6zvetlenek voltak a portug\u00e1l tan\u00e1rok, annyira t\u00e1vols\u00e1gtart\u00f3ak voltak a di\u00e1kok. \u00dagy t\u0171nt sokan csak az utols\u00f3 napon old\u00f3dtak fel. A tan\u00e1rok a helyzetet tapintatosan kezelt\u00e9k, semmit sem er\u0151ltettek, a gyerekek \u00e9rz\u00e9seit tiszteletben tartott\u00e1k. \u00c9rdekes m\u00f3don a fi\u00fak sokkal nyitottabbak voltak, mint a l\u00e1nyok. K\u00f6nnyebben bar\u00e1tkoztak, kev\u00e9sb\u00e9 alkottak z\u00e1rt csoportokat. \u00dagy gondolom, figyeln\u00fcnk kell arra, hogy \u00fagy alak\u00edtsuk ki a programokat, \u00e9s a feladatokat, hogy a gyerekek az els\u0151 napt\u00f3l kezdve min\u00e9l ink\u00e1bb keveredjenek egym\u00e1ssal.<\/li>\n\n\n\n<li>A fogad\u00f3 gyerekek \u00e9s a vend\u00e9gek m\u00e1r az \u00e9rkez\u00e9s el\u0151tt hetekkel felvett\u00e9k egym\u00e1ssal a kapcsolatot az interneten, \u00edgy kev\u00e9sb\u00e9 volt nyomaszt\u00f3 sz\u00e1mukra, hogy egy ismeretlen helyre \u00e9rkeznek. (A mi csapatunkb\u00f3l egyetlen gyerek jelezte, hogy a vend\u00e9gl\u00e1t\u00f3ja bar\u00e1ts\u00e1gtalan volt. Az \u00e9rkez\u00e9s ut\u00e1n bement a szob\u00e1j\u00e1ba, \u00e9s bez\u00e1rta az ajt\u00f3t. A t\u00f6bbiek ennek az ellenkez\u0151j\u00e9r\u0151l sz\u00e1moltak be. A fi\u00fak tapasztalat kifejezetten j\u00f3 volt.)<\/li>\n\n\n\n<li>A portug\u00e1l csoport eset\u00e9ben el\u0151fordult egy-egy esetben, hogy fi\u00fa l\u00e1nyhoz vagy l\u00e1ny fi\u00fahoz lett elsz\u00e1ll\u00e1solva. Mi k\u00e9rt\u00fck, hogy a l\u00e1nyok l\u00e1nyokhoz ker\u00fcljenek. A tapasztalatok alapj\u00e1n semmilyen probl\u00e9ma nem sz\u00e1rmazik abb\u00f3l, ha ellenkez\u0151 nem\u0171 a sz\u00e1ll\u00e1sad\u00f3. \u00dagy gondolom, amikor mi fogadunk, nek\u00fcnk is fel kell tenni ezt a k\u00e9rd\u00e9st, hogy van-e valakinek ellen\u00e9rz\u00e9se egy ilyen helyzettel szemben, de ha mi utazunk, nem biztos, hogy kell ehhez ragaszkodni.<\/li>\n\n\n\n<li>&nbsp;Fontosak az \u00fcnnep\u00e9lyes pillanatok, ilyen a tal\u00e1lkoz\u00e1s, a bemutatkoz\u00e1s \u00e9s a z\u00e1r\u00f3rendezv\u00e9ny. A tal\u00e1lkoz\u00e1s alkalm\u00e1val a buszb\u00f3l kisz\u00e1llva a vend\u00e9gek felsorakoztak a busz mellet. A lettek kis k\u00f6sz\u00f6nt\u0151 t\u00e1bl\u00e1csk\u00e1kkal v\u00e1rt\u00e1k a vend\u00e9geiket (b\u00e1r nem mindenki). Halk zene sz\u00f3lt. A gyerekek k\u00e9t sorban fel\u00e1lltak egym\u00e1ssal szemben, a vend\u00e9gl\u00e1t\u00f3k egym\u00e1s ut\u00e1n nevezt\u00e9k meg vend\u00e9geiket. A vend\u00e9g di\u00e1k ezut\u00e1n kil\u00e9pett a sorb\u00f3l, oda l\u00e9pett a vend\u00e9gl\u00e1t\u00f3j\u00e1hoz, \u00e9s meg\u00f6lelt\u00e9k egym\u00e1st. A z\u00e1r\u00f3rendezv\u00e9nyre a tan\u00e1rok sz\u00e9pen fel\u00f6lt\u00f6ztek. Az okleveleket \u00fcnnep\u00e9lyesen adt\u00e1k \u00e1t, mindenkit megtapsoltunk.&nbsp; A tort\u00e1t k\u00f6z\u00f6sen v\u00e1gtuk fel, r\u00f6vid besz\u00e9dek hangoztak el.&nbsp;<\/li>\n\n\n\n<li>A gyerekek kiv\u00e1laszt\u00e1s\u00e1r\u00f3l: Lettorsz\u00e1gban a gyerekek nem egy-egy utaz\u00e1sra, hanem a projektben val\u00f3 r\u00e9szv\u00e9telre jelentkeznek, ami tartalmazza a lebonyol\u00edt\u00e1st, a vend\u00e9gfogad\u00e1st a prezent\u00e1ci\u00f3k \u00e9s a feladatok elk\u00e9sz\u00edt\u00e9s\u00e9t. Azt, hogy ki hova utazik a r\u00e9sztvev\u0151k k\u00f6z\u00fcl sorsh\u00faz\u00e1ssal d\u00f6ntik el.<\/li>\n\n\n\n<li>Lett \u00e9s portug\u00e1l r\u00e9szr\u0151l az iskolavezet\u00e9s \u00e9s a koordin\u00e1torok is jelen voltak. Ebbe a projektbe val\u00f3sz\u00edn\u0171leg jobban illeszkedik, ha r\u00e9sz\u00fcnkr\u0151l is bekapcsol\u00f3dik valaki az iskolavezet\u00e9sb\u0151l.<\/li>\n<\/ol>\n\n\n\n<p><strong>\u00d6tletek, javaslatok<\/strong><\/p>\n\n\n\n<ol class=\"wp-block-list\">\n<li>Hov\u00e1 lehetne vinni a vend\u00e9geket?<\/li>\n<\/ol>\n\n\n\n<p>A projekt t\u00e9m\u00e1j\u00e1hoz kapcsol\u00f3d\u00f3 lehet\u0151s\u00e9gek:<\/p>\n\n\n\n<ul class=\"wp-block-list\">\n<li>a MOL sz\u00e9kh\u00e1z, \u00e9s a MOL k\u00f6rnyezetv\u00e9delmi tev\u00e9kenys\u00e9ge<\/li>\n\n\n\n<li>ELTE TTK vagy az MTA TTK tal\u00e1lkoz\u00e1s egy kutat\u00f3val, aki el\u0151ad\u00e1st tart a k\u00f6rnyezetv\u00e9delemi t\u00e9m\u00e1j\u00fa kutat\u00e1sair\u00f3l<\/li>\n\n\n\n<li>L\u00e1togat\u00e1s az MVM informatikai k\u00f6zpontj\u00e1ban<\/li>\n\n\n\n<li>tal\u00e1lkoz\u00e1s a II. ker\u00fcleti polg\u00e1rmesterrel vagy a tanker\u00fclet vezet\u0151j\u00e9vel<\/li>\n<\/ul>\n\n\n\n<p>Kultur\u00e1lis programok:<\/p>\n\n\n\n<ul class=\"wp-block-list\">\n<li>Budapesti v\u00e1rosn\u00e9z\u00e9s sok szabadprogrammal (2-3 nap) (Duna part, V\u00e1r, V\u00e1rkert baz\u00e1r, Citadella, H\u0151s\u00f6k tere stb.) a m\u0171eml\u00e9kek bemutat\u00e1sa a gyerekek idegenvezet\u00e9s\u00e9vel<\/li>\n\n\n\n<li>A g\u00f6d\u00f6ll\u0151i kast\u00e9ly<\/li>\n\n\n\n<li>Szentendre<\/li>\n\n\n\n<li>Kir\u00e1ndul\u00e1s a Balatonhoz (Tihany, Balatonf\u00fcred)<\/li>\n<\/ul>\n\n\n\n<p>Miben tudok seg\u00edteni? (ha ti is \u00fagy gondolj\u00e1tok)<\/p>\n\n\n\n<ol class=\"wp-block-list\">\n<li>Az MTA TTK-t (val\u00f3sz\u00edn\u0171leg) meg tudom szervezni.<\/li>\n\n\n\n<li>Az \u00f6sszes t\u00f6bbi program szervez\u00e9s\u00e9ben is sz\u00edvesen seg\u00edtek.<\/li>\n\n\n\n<li>A programokban \u00e9s a szervez\u00e9si munk\u00e1ban val\u00f3 r\u00e9szv\u00e9tel olyan komoly fejl\u0151d\u00e9si, kapcsolat\u00e9p\u00edt\u00e9si \u00e9s tapasztalatszerz\u00e9si lehet\u0151s\u00e9g, ami nagyon ritk\u00e1n ad\u00f3dik a tan\u00e1ri p\u00e1ly\u00e1n, \u00e9s b\u00e1rmelyik\u00fcnk sz\u00e1m\u00e1ra rendk\u00edv\u00fcl vonz\u00f3 lehet. Nem szeretn\u00e9k senkivel sem ny\u00edltan, sem a h\u00e1tt\u00e9rben rivaliz\u00e1lni, ez\u00e9rt csak azokban a feladatokban szeretn\u00e9k seg\u00edteni ,amelyekre nincsen m\u00e1s jelentkez\u0151.<\/li>\n\n\n\n<li>Nagyon sokat tanultam, \u00e9s nagyon sokat kaptam a lettorsz\u00e1gi mobilit\u00e1s sor\u00e1n, ez\u00e9rt nagyon h\u00e1l\u00e1s vagyok Julinak, hogy megtal\u00e1lta \u00e9s megszervezte ezt a projektet, \u00e9s nagyon k\u00f6sz\u00f6n\u00f6m mindenkinek, hogy Enik\u0151 mellett \u00e9n k\u00eds\u00e9rhettem a csapatot Lettorsz\u00e1gba.&nbsp;<\/li>\n<\/ol>\n\n\n\n<p>Budapest 2023.07.16.&nbsp;&nbsp;&nbsp;&nbsp;&nbsp;&nbsp;&nbsp;&nbsp;&nbsp;&nbsp;&nbsp;&nbsp;&nbsp;&nbsp;&nbsp;&nbsp;&nbsp;&nbsp;&nbsp;&nbsp;&nbsp;&nbsp;&nbsp;&nbsp;&nbsp;&nbsp;&nbsp;&nbsp;&nbsp;&nbsp;&nbsp;&nbsp;&nbsp;&nbsp;&nbsp;&nbsp;&nbsp;&nbsp;&nbsp;&nbsp;&nbsp;&nbsp;&nbsp;&nbsp;&nbsp;&nbsp;&nbsp;&nbsp;&nbsp;&nbsp;&nbsp;&nbsp;&nbsp;&nbsp;&nbsp;&nbsp;&nbsp;&nbsp;&nbsp;&nbsp;&nbsp;&nbsp;&nbsp;&nbsp;&nbsp;&nbsp;&nbsp;&nbsp;&nbsp;&nbsp;&nbsp;&nbsp;&nbsp;&nbsp;&nbsp;&nbsp;&nbsp;&nbsp;&nbsp;&nbsp;&nbsp;&nbsp;&nbsp;&nbsp;&nbsp;&nbsp;&nbsp;&nbsp;&nbsp;&nbsp;&nbsp;&nbsp;&nbsp;&nbsp;&nbsp;&nbsp;&nbsp;&nbsp;&nbsp;&nbsp;&nbsp;&nbsp;&nbsp;&nbsp;&nbsp;&nbsp;&nbsp;&nbsp;&nbsp;&nbsp;&nbsp;&nbsp;&nbsp;&nbsp;&nbsp;&nbsp;&nbsp;&nbsp;&nbsp;&nbsp;&nbsp; D\u00e1vid Zolt\u00e1n<\/p>\n\n\n\n<p>K\u00e9pek a lett l\u00e1togat\u00e1sr\u00f3l <\/p>\n\n\n\n<figure class=\"wp-block-table\"><table><tbody><tr><td><img decoding=\"async\" src=\"https:\/\/erasmus.klebi.hu\/wp-content\/uploads\/2024\/01\/20231009_084042_027_01-1024x576.jpg\" alt=\"\"><\/td><td><img decoding=\"async\" src=\"https:\/\/erasmus.klebi.hu\/wp-content\/uploads\/2024\/01\/20231013_084532-1024x576.jpg\" alt=\"\"><\/td><\/tr><tr><td><strong><img alt=\"\"><\/strong><img decoding=\"async\" src=\"https:\/\/erasmus.klebi.hu\/wp-content\/uploads\/2024\/01\/20231009_155538_002_01-1-1024x576.jpg\" alt=\"\"><img alt=\"\"><\/td><td><img decoding=\"async\" src=\"https:\/\/erasmus.klebi.hu\/wp-content\/uploads\/2024\/01\/20231012_093824-1024x576.jpg\" alt=\"\"><\/td><\/tr><\/tbody><\/table><\/figure>\n\n\n\n<p><\/p>\n\n\n\n<figure class=\"wp-block-table\"><table><tbody><tr><td><img decoding=\"async\" src=\"https:\/\/erasmus.klebi.hu\/wp-content\/uploads\/2024\/01\/20231013_113508-1024x576.jpg\" alt=\"\"><\/td><td><img decoding=\"async\" src=\"https:\/\/erasmus.klebi.hu\/wp-content\/uploads\/2024\/01\/lett-1024x794.jpg\" alt=\"\"><\/td><\/tr><\/tbody><\/table><\/figure>\n","protected":false},"excerpt":{"rendered":"<p>Lettorsz\u00e1gi Erasmus+ di\u00e1kmobilit\u00e1s 2023 szeptember \u00cdrta: D\u00e1vid Zolt\u00e1n A lettortsz\u00e1gi mobilit\u00e1sr\u00f3l (2023) A program A kiutaz\u00e1s k\u00e9t helysz\u00ednhez kapcsol\u00f3dott, Rig\u00e1hoz \u00e9s Aizput\u00e9hoz. 07.07. szombat Riga Az esti \u00f3r\u00e1kban \u00e9rkezt\u00fcnk meg. Elfoglaltuk a sz\u00e1ll\u00e1st \u00e9s megvacsor\u00e1ztunk. 07.08. vas\u00e1rnap Riga d\u00e9lel\u0151tt v\u00e1rosn\u00e9z\u00e9s, \u00e9s a piac, d\u00e9lben tal\u00e1lkoz\u00e1s a szervez\u0151kkel \u00e9s a portug\u00e1lokkal, [&hellip;]<\/p>\n","protected":false},"author":1,"featured_media":0,"parent":0,"menu_order":0,"comment_status":"closed","ping_status":"closed","template":"","meta":{"footnotes":""},"class_list":["post-415","page","type-page","status-publish","hentry"],"yoast_head":"<!-- This site is optimized with the Yoast SEO plugin v19.6.1 - https:\/\/yoast.com\/wordpress\/plugins\/seo\/ -->\n<title>Di\u00e1k projektek 2023\/2024-es tan\u00e9v - Erasmus+ Kl\u00e9bi<\/title>\n<meta name=\"robots\" content=\"index, follow, max-snippet:-1, max-image-preview:large, max-video-preview:-1\" \/>\n<link rel=\"canonical\" href=\"https:\/\/erasmus.klebi.hu\/index.php\/diak-projektek-2023-2024-es-tanev\/\" \/>\n<meta property=\"og:locale\" content=\"hu_HU\" \/>\n<meta property=\"og:type\" content=\"article\" \/>\n<meta property=\"og:title\" content=\"Di\u00e1k projektek 2023\/2024-es tan\u00e9v - Erasmus+ Kl\u00e9bi\" \/>\n<meta property=\"og:description\" content=\"Lettorsz\u00e1gi Erasmus+ di\u00e1kmobilit\u00e1s 2023 szeptember \u00cdrta: D\u00e1vid Zolt\u00e1n A lettortsz\u00e1gi mobilit\u00e1sr\u00f3l (2023) A program A kiutaz\u00e1s k\u00e9t helysz\u00ednhez kapcsol\u00f3dott, Rig\u00e1hoz \u00e9s Aizput\u00e9hoz. 07.07. szombat Riga Az esti \u00f3r\u00e1kban \u00e9rkezt\u00fcnk meg. Elfoglaltuk a sz\u00e1ll\u00e1st \u00e9s megvacsor\u00e1ztunk. 07.08. vas\u00e1rnap Riga d\u00e9lel\u0151tt v\u00e1rosn\u00e9z\u00e9s, \u00e9s a piac, d\u00e9lben tal\u00e1lkoz\u00e1s a szervez\u0151kkel \u00e9s a portug\u00e1lokkal, [&hellip;]\" \/>\n<meta property=\"og:url\" content=\"https:\/\/erasmus.klebi.hu\/index.php\/diak-projektek-2023-2024-es-tanev\/\" \/>\n<meta property=\"og:site_name\" content=\"Erasmus+ Kl\u00e9bi\" \/>\n<meta property=\"article:modified_time\" content=\"2024-01-30T07:48:18+00:00\" \/>\n<meta property=\"og:image\" content=\"https:\/\/erasmus.klebi.hu\/wp-content\/uploads\/2024\/01\/20231009_084042_027_01-1024x576.jpg\" \/>\n<meta name=\"twitter:card\" content=\"summary_large_image\" \/>\n<meta name=\"twitter:label1\" content=\"Becs\u00fclt olvas\u00e1si id\u0151\" \/>\n\t<meta name=\"twitter:data1\" content=\"10 perc\" \/>\n<script type=\"application\/ld+json\" class=\"yoast-schema-graph\">{\"@context\":\"https:\/\/schema.org\",\"@graph\":[{\"@type\":\"WebPage\",\"@id\":\"https:\/\/erasmus.klebi.hu\/index.php\/diak-projektek-2023-2024-es-tanev\/\",\"url\":\"https:\/\/erasmus.klebi.hu\/index.php\/diak-projektek-2023-2024-es-tanev\/\",\"name\":\"Di\u00e1k projektek 2023\/2024-es tan\u00e9v - Erasmus+ Kl\u00e9bi\",\"isPartOf\":{\"@id\":\"https:\/\/erasmus.klebi.hu\/#website\"},\"datePublished\":\"2024-01-29T13:23:42+00:00\",\"dateModified\":\"2024-01-30T07:48:18+00:00\",\"breadcrumb\":{\"@id\":\"https:\/\/erasmus.klebi.hu\/index.php\/diak-projektek-2023-2024-es-tanev\/#breadcrumb\"},\"inLanguage\":\"hu\",\"potentialAction\":[{\"@type\":\"ReadAction\",\"target\":[\"https:\/\/erasmus.klebi.hu\/index.php\/diak-projektek-2023-2024-es-tanev\/\"]}]},{\"@type\":\"BreadcrumbList\",\"@id\":\"https:\/\/erasmus.klebi.hu\/index.php\/diak-projektek-2023-2024-es-tanev\/#breadcrumb\",\"itemListElement\":[{\"@type\":\"ListItem\",\"position\":1,\"name\":\"Home\",\"item\":\"https:\/\/erasmus.klebi.hu\/\"},{\"@type\":\"ListItem\",\"position\":2,\"name\":\"Di\u00e1k projektek 2023\/2024-es tan\u00e9v\"}]},{\"@type\":\"WebSite\",\"@id\":\"https:\/\/erasmus.klebi.hu\/#website\",\"url\":\"https:\/\/erasmus.klebi.hu\/\",\"name\":\"Erasmus+ Kl\u00e9bi\",\"description\":\"Klebelsberg Kuno \u00c1ltal\u00e1nos Iskola \u00e9s Gimn\u00e1zium Erasmus+  honlapja\",\"potentialAction\":[{\"@type\":\"SearchAction\",\"target\":{\"@type\":\"EntryPoint\",\"urlTemplate\":\"https:\/\/erasmus.klebi.hu\/?s={search_term_string}\"},\"query-input\":\"required name=search_term_string\"}],\"inLanguage\":\"hu\"}]}<\/script>\n<!-- \/ Yoast SEO plugin. -->","yoast_head_json":{"title":"Di\u00e1k projektek 2023\/2024-es tan\u00e9v - Erasmus+ Kl\u00e9bi","robots":{"index":"index","follow":"follow","max-snippet":"max-snippet:-1","max-image-preview":"max-image-preview:large","max-video-preview":"max-video-preview:-1"},"canonical":"https:\/\/erasmus.klebi.hu\/index.php\/diak-projektek-2023-2024-es-tanev\/","og_locale":"hu_HU","og_type":"article","og_title":"Di\u00e1k projektek 2023\/2024-es tan\u00e9v - Erasmus+ Kl\u00e9bi","og_description":"Lettorsz\u00e1gi Erasmus+ di\u00e1kmobilit\u00e1s 2023 szeptember \u00cdrta: D\u00e1vid Zolt\u00e1n A lettortsz\u00e1gi mobilit\u00e1sr\u00f3l (2023) A program A kiutaz\u00e1s k\u00e9t helysz\u00ednhez kapcsol\u00f3dott, Rig\u00e1hoz \u00e9s Aizput\u00e9hoz. 07.07. szombat Riga Az esti \u00f3r\u00e1kban \u00e9rkezt\u00fcnk meg. Elfoglaltuk a sz\u00e1ll\u00e1st \u00e9s megvacsor\u00e1ztunk. 07.08. vas\u00e1rnap Riga d\u00e9lel\u0151tt v\u00e1rosn\u00e9z\u00e9s, \u00e9s a piac, d\u00e9lben tal\u00e1lkoz\u00e1s a szervez\u0151kkel \u00e9s a portug\u00e1lokkal, [&hellip;]","og_url":"https:\/\/erasmus.klebi.hu\/index.php\/diak-projektek-2023-2024-es-tanev\/","og_site_name":"Erasmus+ Kl\u00e9bi","article_modified_time":"2024-01-30T07:48:18+00:00","og_image":[{"url":"https:\/\/erasmus.klebi.hu\/wp-content\/uploads\/2024\/01\/20231009_084042_027_01-1024x576.jpg"}],"twitter_card":"summary_large_image","twitter_misc":{"Becs\u00fclt olvas\u00e1si id\u0151":"10 perc"},"schema":{"@context":"https:\/\/schema.org","@graph":[{"@type":"WebPage","@id":"https:\/\/erasmus.klebi.hu\/index.php\/diak-projektek-2023-2024-es-tanev\/","url":"https:\/\/erasmus.klebi.hu\/index.php\/diak-projektek-2023-2024-es-tanev\/","name":"Di\u00e1k projektek 2023\/2024-es tan\u00e9v - Erasmus+ Kl\u00e9bi","isPartOf":{"@id":"https:\/\/erasmus.klebi.hu\/#website"},"datePublished":"2024-01-29T13:23:42+00:00","dateModified":"2024-01-30T07:48:18+00:00","breadcrumb":{"@id":"https:\/\/erasmus.klebi.hu\/index.php\/diak-projektek-2023-2024-es-tanev\/#breadcrumb"},"inLanguage":"hu","potentialAction":[{"@type":"ReadAction","target":["https:\/\/erasmus.klebi.hu\/index.php\/diak-projektek-2023-2024-es-tanev\/"]}]},{"@type":"BreadcrumbList","@id":"https:\/\/erasmus.klebi.hu\/index.php\/diak-projektek-2023-2024-es-tanev\/#breadcrumb","itemListElement":[{"@type":"ListItem","position":1,"name":"Home","item":"https:\/\/erasmus.klebi.hu\/"},{"@type":"ListItem","position":2,"name":"Di\u00e1k projektek 2023\/2024-es tan\u00e9v"}]},{"@type":"WebSite","@id":"https:\/\/erasmus.klebi.hu\/#website","url":"https:\/\/erasmus.klebi.hu\/","name":"Erasmus+ Kl\u00e9bi","description":"Klebelsberg Kuno \u00c1ltal\u00e1nos Iskola \u00e9s Gimn\u00e1zium Erasmus+  honlapja","potentialAction":[{"@type":"SearchAction","target":{"@type":"EntryPoint","urlTemplate":"https:\/\/erasmus.klebi.hu\/?s={search_term_string}"},"query-input":"required name=search_term_string"}],"inLanguage":"hu"}]}},"_links":{"self":[{"href":"https:\/\/erasmus.klebi.hu\/index.php\/wp-json\/wp\/v2\/pages\/415","targetHints":{"allow":["GET"]}}],"collection":[{"href":"https:\/\/erasmus.klebi.hu\/index.php\/wp-json\/wp\/v2\/pages"}],"about":[{"href":"https:\/\/erasmus.klebi.hu\/index.php\/wp-json\/wp\/v2\/types\/page"}],"author":[{"embeddable":true,"href":"https:\/\/erasmus.klebi.hu\/index.php\/wp-json\/wp\/v2\/users\/1"}],"replies":[{"embeddable":true,"href":"https:\/\/erasmus.klebi.hu\/index.php\/wp-json\/wp\/v2\/comments?post=415"}],"version-history":[{"count":8,"href":"https:\/\/erasmus.klebi.hu\/index.php\/wp-json\/wp\/v2\/pages\/415\/revisions"}],"predecessor-version":[{"id":498,"href":"https:\/\/erasmus.klebi.hu\/index.php\/wp-json\/wp\/v2\/pages\/415\/revisions\/498"}],"wp:attachment":[{"href":"https:\/\/erasmus.klebi.hu\/index.php\/wp-json\/wp\/v2\/media?parent=415"}],"curies":[{"name":"wp","href":"https:\/\/api.w.org\/{rel}","templated":true}]}}