{"id":84,"date":"2022-11-15T18:56:49","date_gmt":"2022-11-15T18:56:49","guid":{"rendered":"https:\/\/erasmus.klebi.hu\/?page_id=84"},"modified":"2023-06-11T15:40:58","modified_gmt":"2023-06-11T15:40:58","slug":"erasmus-2019","status":"publish","type":"page","link":"https:\/\/erasmus.klebi.hu\/index.php\/erasmus-2019\/","title":{"rendered":"Di\u00e1kprojekt 2019"},"content":{"rendered":"\n<h2 class=\"wp-block-heading\">Green is not just a color  &#8211; KA2 projekt 2019-2022<\/h2>\n\n\n\n<figure class=\"wp-block-table\"><table><tbody><tr><td><img decoding=\"async\" src=\"https:\/\/erasmus.klebi.hu\/wp-content\/uploads\/2022\/11\/Italy-300x300.jpg\" alt=\"\"><\/td><td>A projekt c\u00e9lja, hogy megszil\u00e1rd\u00edtsa a di\u00e1kok tudatoss\u00e1g\u00e1t arr\u00f3l, hogy a n\u00f6v\u00e9nyek nemcsak k\u00f6rnyezetv\u00e9delmi szempontb\u00f3l, hanem a mindennapi \u00e9letben is fontos szerepet j\u00e1tszanak.<\/td><\/tr><\/tbody><\/table><\/figure>\n\n\n\n<h2 class=\"wp-block-heading\">R\u00e9sztvev\u0151 partnerek<\/h2>\n\n\n\n<figure class=\"wp-block-table\"><table class=\"has-black-color has-text-color\"><tbody><tr><td class=\"has-text-align-center\" data-align=\"center\"><strong>ORSZ\u00c1G<\/strong><\/td><td><strong>V\u00c1ROS<\/strong><\/td><td class=\"has-text-align-center\" data-align=\"center\"><strong>PARTNERISKOLA<\/strong><\/td><\/tr><tr><td class=\"has-text-align-center\" data-align=\"center\">T\u00f6r\u00f6korsz\u00e1g<br><img decoding=\"async\" src=\"https:\/\/erasmus.klebi.hu\/wp-content\/uploads\/2022\/11\/torok_zaszlo.jpg\" alt=\"\"><\/td><td>AYDIN<\/td><td class=\"has-text-align-center\" data-align=\"center\">EFELER ANADOLU LISESI<br><a href=\"http:\/\/eal.meb.k12.tr\/\" target=\"_blank\" rel=\"noreferrer noopener\">http:\/\/eal.meb.k12.tr\/<\/a><\/td><\/tr><tr><td class=\"has-text-align-center\" data-align=\"center\">Lettorsz\u00e1g<br><img decoding=\"async\" src=\"https:\/\/erasmus.klebi.hu\/wp-content\/uploads\/2022\/11\/lettorszag_zaszlo.jpg\" alt=\"\"><\/td><td>RIGA<\/td><td class=\"has-text-align-center\" data-align=\"center\">RIGAS 18 VAKARA (MAINU) VIDUSSKOLA<br><a href=\"https:\/\/r18vmvs.lv\/\" target=\"_blank\" rel=\"noreferrer noopener\">www.r18vmvs.lv<\/a><\/td><\/tr><tr><td class=\"has-text-align-center\" data-align=\"center\">Portug\u00e1lia<br><img decoding=\"async\" src=\"https:\/\/erasmus.klebi.hu\/wp-content\/uploads\/2022\/11\/portugal_zaszlo.jpg\" alt=\"\"><\/td><td>VISEU<\/td><td class=\"has-text-align-center\" data-align=\"center\">ESCOLA SECUNDARIA ALVES MARTINS<br><a href=\"https:\/\/www.esam.pt\/\" target=\"_blank\" rel=\"noreferrer noopener\">www.esam.pt<\/a><\/td><\/tr><tr><td class=\"has-text-align-center\" data-align=\"center\">Olaszorsz\u00e1g<br><img decoding=\"async\" src=\"https:\/\/erasmus.klebi.hu\/wp-content\/uploads\/2022\/11\/olasz_zaszlo.jpg\" alt=\"\"><\/td><td>TARANTO<\/td><td class=\"has-text-align-center\" data-align=\"center\">INStituti paritari PLATEJA maritain<br><a href=\"http:\/\/www.istitutoplateja.it\" target=\"_blank\" rel=\"noreferrer noopener\">www.istitutoplateja.it<\/a><\/td><\/tr><tr><td class=\"has-text-align-center\" data-align=\"center\">Magyarorsz\u00e1g<br><img decoding=\"async\" src=\"https:\/\/erasmus.klebi.hu\/wp-content\/uploads\/2022\/11\/magyar_zaszlo.jpg\" alt=\"\"><\/td><td>BUDAPEST<\/td><td class=\"has-text-align-center\" data-align=\"center\">Klebelsberg Kuno \u00c1ltal\u00e1nos Iskola \u00e9s Gimn\u00e1zium<br><a href=\"https:\/\/klebi.hu\/\" target=\"_blank\" rel=\"noreferrer noopener\">https:\/\/klebi.hu\/<\/a><\/td><\/tr><\/tbody><\/table><\/figure>\n\n\n\n<h2 class=\"wp-block-heading\">Iskol\u00e1k bemutatkoz\u00f3i<\/h2>\n\n\n\n<figure class=\"wp-block-table\"><table><tbody><tr><td>T\u00f6r\u00f6korsz\u00e1g<\/td><td class=\"has-text-align-left\" data-align=\"left\">EFELER ANADOLU LISESI<br><iframe loading=\"lazy\" width=\"560\" height=\"315\" src=\"https:\/\/www.youtube.com\/embed\/ZDovT6_sgZg\" title=\"YouTube video player\" frameborder=\"0\" allow=\"accelerometer; autoplay; clipboard-write; encrypted-media; gyroscope; picture-in-picture\" allowfullscreen=\"\"><\/iframe><\/td><\/tr><tr><td>Lettorsz\u00e1g<\/td><td class=\"has-text-align-left\" data-align=\"left\">RIGAS 18 VAKARA (MAINU) VIDUSSKOLA<br><a href=\"https:\/\/docs.google.com\/presentation\/d\/1tX_D9FzqCvt9PRogKHPuBhsBJseorTLR\/edit?usp=sharing&amp;ouid=111130654722198446400&amp;rtpof=true&amp;sd=true\" target=\"_blank\" rel=\"noreferrer noopener\"><img decoding=\"async\" src=\"https:\/\/erasmus.klebi.hu\/wp-content\/uploads\/2022\/11\/latvia_bemutato-1.jpg\" alt=\"\"><\/a><\/td><\/tr><tr><td>Portug\u00e1lia<\/td><td class=\"has-text-align-left\" data-align=\"left\">ESCOLA SECUNDARIA ALVES MARTINS<br><iframe loading=\"lazy\" width=\"560\" height=\"315\" src=\"https:\/\/www.youtube.com\/embed\/SGq1EX4QXWg\" title=\"YouTube video player\" frameborder=\"0\" allow=\"accelerometer; autoplay; clipboard-write; encrypted-media; gyroscope; picture-in-picture\" allowfullscreen=\"\">&amp;amp;lt;img src=&#8221;https:\/\/erasmus.klebi.hu\/wp-content\/uploads\/2022\/11\/portugal.jpg&#8221; alt=&#8221;&#8221;>&amp;amp;lt;br>asdasd<\/iframe><br><a href=\"https:\/\/docs.google.com\/presentation\/d\/1aUs1PpxYUZUVGCrNQGTmm-RyvEY0Wt6L\/edit?usp=sharing&amp;ouid=111130654722198446400&amp;rtpof=true&amp;sd=true\" target=\"_blank\" rel=\"noreferrer noopener\"><img decoding=\"async\" src=\"https:\/\/erasmus.klebi.hu\/wp-content\/uploads\/2022\/11\/portugal_bemutatkozo.jpg\" alt=\"\"><\/a><br><img alt=\"\"><br><a href=\"https:\/\/docs.google.com\/presentation\/d\/1sdorrwhMzAkwhocrN75wfvYIA9DHRJbf\/edit?usp=sharing&amp;ouid=111130654722198446400&amp;rtpof=true&amp;sd=true\" target=\"_blank\" rel=\"noreferrer noopener\"><img decoding=\"async\" src=\"https:\/\/erasmus.klebi.hu\/wp-content\/uploads\/2022\/11\/portugal_bemutatkozo2.jpg\" alt=\"\"><\/a><\/td><\/tr><tr><td>Olaszorsz\u00e1g<\/td><td class=\"has-text-align-left\" data-align=\"left\">INStituti paritari PLATEJA maritain<br>\n<iframe loading=\"lazy\" width=\"560\" height=\"315\" src=\"https:\/\/www.youtube.com\/embed\/CrFrezZ8Mys\" title=\"YouTube video player\" frameborder=\"0\" allow=\"accelerometer; autoplay; clipboard-write; encrypted-media; gyroscope; picture-in-picture\" allowfullscreen=\"\"><\/iframe><br><iframe loading=\"lazy\" width=\"560\" height=\"315\" src=\"https:\/\/www.youtube.com\/embed\/LkaBtcvQ0LM\" title=\"YouTube video player\" frameborder=\"0\" allow=\"accelerometer; autoplay; clipboard-write; encrypted-media; gyroscope; picture-in-picture\" allowfullscreen=\"\"><\/iframe><\/td><\/tr><tr><td>Magyarorsz\u00e1g<\/td><td class=\"has-text-align-left\" data-align=\"left\">Klebelsberg Kuno \u00c1ltal\u00e1nos Iskola \u00e9s Gimn\u00e1zium<br><iframe loading=\"lazy\" width=\"560\" height=\"315\" src=\"https:\/\/www.youtube.com\/embed\/d2Moe9x133E\" title=\"YouTube video player\" frameborder=\"0\" allow=\"accelerometer; autoplay; clipboard-write; encrypted-media; gyroscope; picture-in-picture\" allowfullscreen=\"\"><\/iframe><\/td><\/tr><\/tbody><\/table><\/figure>\n\n\n\n<h2 class=\"wp-block-heading\">Log\u00f3tervek<\/h2>\n\n\n\n<p>A projekthez az orsz\u00e1gok log\u00f3kat terveztek. Olaszorsz\u00e1g \u00e1ltal tervezett log\u00f3t tal\u00e1lt\u00e1k a legjobbnak, \u00edgy ez lett v\u00e9g\u00fcl a projekt jelk\u00e9pe.<\/p>\n\n\n\n<figure class=\"wp-block-table\"><table><tbody><tr><td class=\"has-text-align-center\" data-align=\"center\">T\u00f6r\u00f6korsz\u00e1g<\/td><td class=\"has-text-align-center\" data-align=\"center\"><img decoding=\"async\" src=\"https:\/\/erasmus.klebi.hu\/wp-content\/uploads\/2022\/11\/Turkey.jpg\" alt=\"\"><\/td><\/tr><tr><td class=\"has-text-align-center\" data-align=\"center\"><img decoding=\"async\" src=\"https:\/\/erasmus.klebi.hu\/wp-content\/uploads\/2022\/11\/Latvia.jpg\" alt=\"\"><\/td><td class=\"has-text-align-center\" data-align=\"center\">Lettorsz\u00e1g<\/td><\/tr><tr><td class=\"has-text-align-center\" data-align=\"center\">Portug\u00e1lia<\/td><td class=\"has-text-align-center\" data-align=\"center\"><img decoding=\"async\" src=\"https:\/\/erasmus.klebi.hu\/wp-content\/uploads\/2022\/11\/Portugalia1.jpg\" alt=\"\"><\/td><\/tr><tr><td class=\"has-text-align-center\" data-align=\"center\"><img decoding=\"async\" src=\"https:\/\/erasmus.klebi.hu\/wp-content\/uploads\/2022\/11\/Italy_logo.jpg\" alt=\"\"><\/td><td class=\"has-text-align-center\" data-align=\"center\"><strong><mark style=\"background-color:rgba(0, 0, 0, 0)\" class=\"has-inline-color has-black-color\"><em>Olaszorsz\u00e1g<\/em><\/mark><\/strong><\/td><\/tr><tr><td class=\"has-text-align-center\" data-align=\"center\">Magyarorsz\u00e1g<\/td><td class=\"has-text-align-center\" data-align=\"center\"><img decoding=\"async\" src=\"https:\/\/erasmus.klebi.hu\/wp-content\/uploads\/2022\/11\/hungary.jpg\" alt=\"\"><\/td><\/tr><\/tbody><\/table><\/figure>\n\n\n\n<h2 class=\"wp-block-heading\">K\u00e9rd\u0151\u00edvek<\/h2>\n\n\n\n<p>Okt\u00f3berben fel lett m\u00e9rve a di\u00e1kok viszonyul\u00e1sa, j\u00e1rtass\u00e1ga a n\u00f6v\u00e9nyek vil\u00e1g\u00e1ban.<\/p>\n\n\n\n<p>K\u00e9rd\u0151\u00edv <a href=\"https:\/\/erasmus.klebi.hu\/wp-content\/uploads\/2022\/11\/QUIZ-QUESTIONS.pdf\" target=\"_blank\" rel=\"noreferrer noopener\">itt<\/a>! Eredm\u00e9nyek itt (<a href=\"\/wp-content\/uploads\/2022\/11\/Turkey-Quiz-results.xls-Sayfa1.pdf\" target=\"_blank\" rel=\"noreferrer noopener\">t\u00f6r\u00f6k<\/a>, <a href=\"\/wp-content\/uploads\/2022\/11\/LATVIA-results.pdf\" target=\"_blank\" rel=\"noreferrer noopener\">lett<\/a>, <a href=\"\/wp-content\/uploads\/2022\/11\/Portugal-results.pdf\" target=\"_blank\" rel=\"noreferrer noopener\">portug\u00e1l<\/a>, <a href=\"\/wp-content\/uploads\/2022\/11\/HUNGARY-QUIZ-RESULTS.xlsx-Munka1.pdf\" target=\"_blank\" rel=\"noreferrer noopener\">magyar<\/a>)! <\/p>\n\n\n\n<h2 class=\"wp-block-heading\">Iskolakert program<\/h2>\n\n\n\n<p>Az Erasmus+<strong> Green is not just a color<\/strong> c\u00edm\u0171 p\u00e1ly\u00e1zat \u00e1ltal meg\u00fajult az iskola kertje 2020-ban \u00e9s \u00fajra szervez\u0151dtek programok. 2021 \u0151sz\u00e9n rendbe tett\u00fck az udvaron kertet, fel\u00faj\u00edtottuk a magas\u00e1gy\u00e1st. Az als\u00f3 tagozatos di\u00e1kok 2022. m\u00e1rcius\u00e1ban n\u00f6v\u00e9nyeket \u00fcltettek bele, amit rendszeresen \u00e1poltak. A p\u00e1ly\u00e1zat t\u00e1mogat\u00e1s\u00e1val \u00faj eszk\u00f6z\u00f6kkel dolgozhatnak a kertekben a di\u00e1kok. \u0150sszel a kertet rendbe tett\u00fck. 2023. tavasz\u00e1n \u00fajra indulnak a munk\u00e1latok.<\/p>\n\n\n<div class=\"wp-block-image\">\n<figure class=\"aligncenter size-full\"><a href=\"https:\/\/photos.app.goo.gl\/SEHDPRFERh2htSS4A\"><img loading=\"lazy\" decoding=\"async\" width=\"635\" height=\"378\" src=\"https:\/\/erasmus.klebi.hu\/wp-content\/uploads\/2022\/11\/1.jpg\" alt=\"\" class=\"wp-image-154\" srcset=\"https:\/\/erasmus.klebi.hu\/wp-content\/uploads\/2022\/11\/1.jpg 635w, https:\/\/erasmus.klebi.hu\/wp-content\/uploads\/2022\/11\/1-300x179.jpg 300w\" sizes=\"auto, (max-width: 635px) 100vw, 635px\" \/><\/a><\/figure>\n<\/div>\n\n\n<h2 class=\"wp-block-heading\">Magyarorsz\u00e1gi mobilit\u00e1s -2020.02.09 -15.<\/h2>\n\n\n\n<p>Magyarorsz\u00e1gi mobilit\u00e1s <a href=\"https:\/\/docs.google.com\/document\/d\/1pgOwYje7nt_nb0HEdwIcS6kcC3IWNM-L\/edit?usp=share_link&amp;ouid=111130654722198446400&amp;rtpof=true&amp;sd=true\" target=\"_blank\" rel=\"noreferrer noopener\">programja<\/a>, <a href=\"https:\/\/docs.google.com\/presentation\/d\/1hW6fqzrgBuqiaK_PB4OKg31RL3rQOLzV\/edit?usp=sharing&amp;ouid=111130654722198446400&amp;rtpof=true&amp;sd=true\" target=\"_blank\" rel=\"noreferrer noopener\">bemutat\u00f3ja<\/a>, <a href=\"https:\/\/docs.google.com\/document\/d\/1xhxFZYpOIlzK2ZOAXxP7tjQm8IjE-Nwj\/edit?usp=sharing&amp;ouid=111130654722198446400&amp;rtpof=true&amp;sd=true\" target=\"_blank\" rel=\"noreferrer noopener\">levele<\/a><\/p>\n\n\n\n<figure class=\"wp-block-table\"><table><tbody><tr><td><a href=\"https:\/\/drive.google.com\/drive\/folders\/140E_ci4LXrmzNClufdMa3PBK_yqOKWFr?usp=share_link\" target=\"_blank\" rel=\"noreferrer noopener\">Gal\u00e9ria<\/a><\/td><td><a href=\"https:\/\/drive.google.com\/drive\/folders\/15IWev6RTOn2r_DesfgiinUDdKjFuiUwQ?usp=share_link\" target=\"_blank\" rel=\"noreferrer noopener\">Bemutat\u00f3k<\/a><\/td><td class=\"has-text-align-center\" data-align=\"center\"><a href=\"https:\/\/drive.google.com\/drive\/folders\/1Bentrh0jsnoT6-CKlval-S0Dx_h6nLbW?usp=share_link\" target=\"_blank\" rel=\"noreferrer noopener\">Vide\u00f3k<\/a><\/td><\/tr><\/tbody><\/table><\/figure>\n\n\n\n<h2 class=\"wp-block-heading\">Portug\u00e1liai mobilit\u00e1s -2022.02.04-08.<\/h2>\n\n\n\n<p> Portug\u00e1liai mobilit\u00e1s <a href=\"https:\/\/drive.google.com\/drive\/folders\/1KJq5dywDP4bU1MD99b_T1_hLqlSss8ni?usp=share_link\" target=\"_blank\" rel=\"noreferrer noopener\">bemutat\u00f3i<\/a>, \u00e9lm\u00e9nybesz\u00e1mol\u00f3i <a href=\"https:\/\/docs.google.com\/document\/d\/19JkC_rLsHjQvniDocpwsZ5orTNsNZT4W\/edit?usp=sharing&amp;ouid=111130654722198446400&amp;rtpof=true&amp;sd=true\" target=\"_blank\" rel=\"noreferrer noopener\">1<\/a>, <a href=\"https:\/\/docs.google.com\/document\/d\/18j65nCONMHogETkL2NzhaRYLqa-jjUlK\/edit?usp=sharing&amp;ouid=111130654722198446400&amp;rtpof=true&amp;sd=true\" target=\"_blank\" rel=\"noreferrer noopener\">2<\/a>, <a href=\"https:\/\/drive.google.com\/drive\/folders\/15roL4wz0bjLmH7TmS-5l2Xhz5ABX6RiP?usp=share_link\" target=\"_blank\" rel=\"noreferrer noopener\">k\u00e9pei \u00e9s vide\u00f3i<\/a><\/p>\n\n\n\n<h2 class=\"wp-block-heading\">T\u00f6r\u00f6korsz\u00e1gi mobilit\u00e1s &#8211; 2022.04.25-30.<\/h2>\n\n\n\n<p>T\u00f6r\u00f6korsz\u00e1gi mobilit\u00e1s <a href=\"https:\/\/docs.google.com\/document\/d\/1iM7e4m9WHaW_vF3ttJmU-YWVCDq1ifR9\/edit?usp=sharing&amp;ouid=111130654722198446400&amp;rtpof=true&amp;sd=true\" target=\"_blank\" rel=\"noreferrer noopener\">programja<\/a>, <a href=\"https:\/\/drive.google.com\/drive\/folders\/19wooDPov3Zf3aC4VavbKuQqXNvhCQWGg?usp=share_link\" target=\"_blank\" rel=\"noreferrer noopener\">bemutat\u00f3i<\/a>, \u00e9lm\u00e9nybesz\u00e1mol\u00f3i <a href=\"https:\/\/docs.google.com\/document\/d\/1D8Ga_PLcSA4xay17GRSxcEZirheFWrJ7\/edit?usp=sharing&amp;ouid=111130654722198446400&amp;rtpof=true&amp;sd=true\" target=\"_blank\" rel=\"noreferrer noopener\">1<\/a>, <a href=\"https:\/\/docs.google.com\/document\/d\/1oYZBhbvu3k4HKWpTsxk-t-fSNj6U6NOF\/edit?usp=sharing&amp;ouid=111130654722198446400&amp;rtpof=true&amp;sd=true\" target=\"_blank\" rel=\"noreferrer noopener\">2<\/a>, <a href=\"https:\/\/drive.google.com\/file\/d\/1Hf1HpU9Wz5FU8sMXeH4N7UIRiVt6HA3J\/view?usp=sharing\" target=\"_blank\" rel=\"noreferrer noopener\">3<\/a>, <a href=\"https:\/\/drive.google.com\/drive\/folders\/1vMIVa1zyb0SMT1fKG4AM-7kadW8VOYyl?usp=share_link\" target=\"_blank\" rel=\"noreferrer noopener\">k\u00e9pei<\/a><\/p>\n\n\n\n<h2 class=\"wp-block-heading\">Olaszorsz\u00e1gi mobilit\u00e1s &#8211; 2022.05.16-20.<\/h2>\n\n\n\n<p>Olaszorsz\u00e1gi mobilit\u00e1s <a href=\"https:\/\/drive.google.com\/file\/d\/1HxyW37PH9v4KWfXm9lLzazqf-QFpmxxg\/view?usp=sharing\" target=\"_blank\" rel=\"noreferrer noopener\">programja<\/a>, <a href=\"https:\/\/drive.google.com\/drive\/folders\/1kF7fbiyGS8U_fTsFsESUtVyHDsqAd9Fb?usp=share_link\">projekt vide\u00f3i<\/a>, <a href=\"https:\/\/docs.google.com\/document\/d\/1oGzOANFSqG8CuxqifpYjvavnk8YyBR8I\/edit?usp=sharing&amp;ouid=111130654722198446400&amp;rtpof=true&amp;sd=true\" target=\"_blank\" rel=\"noreferrer noopener\">\u00e9lm\u00e9nybesz\u00e1mol\u00f3ja<\/a>, <a href=\"https:\/\/drive.google.com\/drive\/folders\/1t2wOa-01yxZ1fAUpXW1If7jXbNf8J1Kp?usp=share_link\" target=\"_blank\" rel=\"noreferrer noopener\">k\u00e9pei<\/a><\/p>\n\n\n\n<h2 class=\"wp-block-heading\">N\u00f6v\u00e9nyek haszn\u00e1r\u00f3l rendezv\u00e9ny -2022. j\u00fanius 13.<\/h2>\n\n\n\n<p>Az Erasmus projekt t\u00e1mogat\u00e1s\u00e1val olyan rendezv\u00e9nyt szervezt\u00fcnk az als\u00f3 tagozatos di\u00e1kok sz\u00e1m\u00e1ra, amellyel megalapozzuk sz\u00e1mukra is a n\u00f6v\u00e9nyek hasznoss\u00e1g\u00e1r\u00f3l alkotott k\u00e9pet.<\/p>\n\n\n\n<p>&nbsp;A di\u00e1kok tev\u00e9kenys\u00e9gek \u00e1ltal lelkesen fedezt\u00e9k fel, hogyan hasznos\u00edtja az ember a n\u00f6v\u00e9nyeket.<\/p>\n\n\n\n<p>K\u00e9pek <a href=\"https:\/\/drive.google.com\/drive\/folders\/1gYXCd77bN0Mqv8ATlMLUUwYs8FeEQ4v7?usp=share_link\" target=\"_blank\" rel=\"noreferrer noopener\">itt<\/a>!<\/p>\n\n\n\n<h2 class=\"wp-block-heading\">Saj\u00e1t botanikus kert kialak\u00edt\u00e1sa<\/h2>\n\n\n\n<p>Az Erasmus p\u00e1ly\u00e1zat t\u00e1mogat\u00e1s\u00e1val az iskola teljes bels\u0151 ter\u00e9ben a n\u00f6v\u00e9nyeket \u00e1t\u00fcltett\u00fck a di\u00e1kokkal k\u00f6z\u00f6sen. Elkezdt\u00fck kialak\u00edtani a n\u00f6v\u00e9nyek gondoz\u00e1s\u00e1nak hagyom\u00e1ny\u00e1t. A n\u00f6v\u00e9nyeket feliratozzuk, amin szerepel a n\u00f6v\u00e9ny neve, jellemz\u0151i \u00e9s gondoz\u00e1s\u00e1nak le\u00edr\u00e1sa.<\/p>\n\n\n\n<p>K\u00e9pek \u00e9s le\u00edr\u00e1s <a href=\"https:\/\/drive.google.com\/drive\/folders\/1Yox2kGl9iwU_-2-JKuKcK6cIpPIKvBQu?usp=share_link\" target=\"_blank\" rel=\"noreferrer noopener\">itt<\/a>!<\/p>\n\n\n\n\n\n<h2 class=\"wp-block-heading\">I am not Blind<\/h2>\n\n\n<p>A projekt z\u00e1r\u00f3 term\u00e9ke egy k\u00f6nyv, amelynek a c\u00edme: I am not Blind<\/p>\n<div style=\"display: inline-block; vertical-align: top; width: 300px; margin: 20px auto; color: #333; background: #fff; border: 1px solid #ddd; line-height: 1.2; text-decoration: none; padding: 0;\"><a style=\"display: block; color: #333; line-height: 1.2; text-decoration: none; text-align: left; padding: 0; font-weight: normal;\" href=\"https:\/\/read.bookcreator.com\/hk5PFCeZGAT4QeHcfmlfNNSUtUB3\/qpNNggOdQ86gLbxKf5mruA\" target=\"_blank\" rel=\"noopener\"><img decoding=\"async\" class=\"alignnone\" style=\"max-height: 300px; max-width: 100%; display: block; margin: 0 auto; padding: 0; border: none;\" src=\"https:\/\/assets.api.bookcreator.com\/hk5PFCeZGAT4QeHcfmlfNNSUtUB3\/books\/qpNNggOdQ86gLbxKf5mruA\/cover\/share\" alt=\"I am not blind\"><\/a><p><\/p>\n<div style=\"display: block; padding: 20px; overflow: hidden; overflow-x: hidden; border-top: 1px solid #ddd;\">\n<div style=\"display: block; color: #333; line-height: 1.2; text-decoration: none; text-align: left; padding: 0; font-weight: normal; font-size: 21px; margin: 0 0 0.25em;\"><a style=\"display: block; color: #333; line-height: 1.2; text-decoration: none; text-align: left; padding: 0; font-weight: normal;\" href=\"https:\/\/read.bookcreator.com\/hk5PFCeZGAT4QeHcfmlfNNSUtUB3\/qpNNggOdQ86gLbxKf5mruA\" target=\"_blank\" rel=\"noopener\">I am not blind<\/a><\/div>\n<div style=\"display: block; color: #333; line-height: 1.2; text-decoration: none; text-align: left; padding: 0; font-weight: normal; font-size: 16px; margin: 0 0 0.5em;\"><a style=\"display: block; color: #333; line-height: 1.2; text-decoration: none; text-align: left; padding: 0; font-weight: normal;\" href=\"https:\/\/read.bookcreator.com\/hk5PFCeZGAT4QeHcfmlfNNSUtUB3\/qpNNggOdQ86gLbxKf5mruA\" target=\"_blank\" rel=\"noopener\">Click to read this book, made with Book Creator<\/a><\/div>\n<div style=\"display: block; color: #455a64; line-height: 1.2; text-decoration: none; text-align: left; padding: 0; font-weight: bold; overflow: hidden; text-overflow: ellipsis; white-space: nowrap; font-size: 14px;\"><a style=\"display: block; color: #333; line-height: 1.2; text-decoration: none; text-align: left; padding: 0; font-weight: normal;\" href=\"https:\/\/read.bookcreator.com\/hk5PFCeZGAT4QeHcfmlfNNSUtUB3\/qpNNggOdQ86gLbxKf5mruA\" target=\"_blank\" rel=\"noopener\">https:\/\/read.bookcreator.com<\/a><\/div>\n<\/div>\n<\/div>\n\n\n<h2 class=\"wp-block-heading\"><\/h2>\n\n\n\n<h2 class=\"wp-block-heading\"><\/h2>\n","protected":false},"excerpt":{"rendered":"<p>Green is not just a color &#8211; KA2 projekt 2019-2022 A projekt c\u00e9lja, hogy megszil\u00e1rd\u00edtsa a di\u00e1kok tudatoss\u00e1g\u00e1t arr\u00f3l, hogy a n\u00f6v\u00e9nyek nemcsak k\u00f6rnyezetv\u00e9delmi szempontb\u00f3l, hanem a mindennapi \u00e9letben is fontos szerepet j\u00e1tszanak. R\u00e9sztvev\u0151 partnerek ORSZ\u00c1G V\u00c1ROS PARTNERISKOLA T\u00f6r\u00f6korsz\u00e1g AYDIN EFELER ANADOLU LISESIhttp:\/\/eal.meb.k12.tr\/ Lettorsz\u00e1g RIGA RIGAS 18 VAKARA (MAINU) VIDUSSKOLAwww.r18vmvs.lv [&hellip;]<\/p>\n","protected":false},"author":1,"featured_media":0,"parent":0,"menu_order":0,"comment_status":"closed","ping_status":"closed","template":"","meta":{"footnotes":""},"class_list":["post-84","page","type-page","status-publish","hentry"],"yoast_head":"<!-- This site is optimized with the Yoast SEO plugin v19.6.1 - https:\/\/yoast.com\/wordpress\/plugins\/seo\/ -->\n<title>Di\u00e1kprojekt 2019 - Erasmus+ Kl\u00e9bi<\/title>\n<meta name=\"robots\" content=\"index, follow, max-snippet:-1, max-image-preview:large, max-video-preview:-1\" \/>\n<link rel=\"canonical\" href=\"https:\/\/erasmus.klebi.hu\/index.php\/erasmus-2019\/\" \/>\n<meta property=\"og:locale\" content=\"hu_HU\" \/>\n<meta property=\"og:type\" content=\"article\" \/>\n<meta property=\"og:title\" content=\"Di\u00e1kprojekt 2019 - Erasmus+ Kl\u00e9bi\" \/>\n<meta property=\"og:description\" content=\"Green is not just a color &#8211; KA2 projekt 2019-2022 A projekt c\u00e9lja, hogy megszil\u00e1rd\u00edtsa a di\u00e1kok tudatoss\u00e1g\u00e1t arr\u00f3l, hogy a n\u00f6v\u00e9nyek nemcsak k\u00f6rnyezetv\u00e9delmi szempontb\u00f3l, hanem a mindennapi \u00e9letben is fontos szerepet j\u00e1tszanak. R\u00e9sztvev\u0151 partnerek ORSZ\u00c1G V\u00c1ROS PARTNERISKOLA T\u00f6r\u00f6korsz\u00e1g AYDIN EFELER ANADOLU LISESIhttp:\/\/eal.meb.k12.tr\/ Lettorsz\u00e1g RIGA RIGAS 18 VAKARA (MAINU) VIDUSSKOLAwww.r18vmvs.lv [&hellip;]\" \/>\n<meta property=\"og:url\" content=\"https:\/\/erasmus.klebi.hu\/index.php\/erasmus-2019\/\" \/>\n<meta property=\"og:site_name\" content=\"Erasmus+ Kl\u00e9bi\" \/>\n<meta property=\"article:modified_time\" content=\"2023-06-11T15:40:58+00:00\" \/>\n<meta property=\"og:image\" content=\"https:\/\/erasmus.klebi.hu\/wp-content\/uploads\/2022\/11\/Italy-300x300.jpg\" \/>\n<meta name=\"twitter:card\" content=\"summary_large_image\" \/>\n<meta name=\"twitter:label1\" content=\"Becs\u00fclt olvas\u00e1si id\u0151\" \/>\n\t<meta name=\"twitter:data1\" content=\"6 perc\" \/>\n<script type=\"application\/ld+json\" class=\"yoast-schema-graph\">{\"@context\":\"https:\/\/schema.org\",\"@graph\":[{\"@type\":\"WebPage\",\"@id\":\"https:\/\/erasmus.klebi.hu\/index.php\/erasmus-2019\/\",\"url\":\"https:\/\/erasmus.klebi.hu\/index.php\/erasmus-2019\/\",\"name\":\"Di\u00e1kprojekt 2019 - Erasmus+ Kl\u00e9bi\",\"isPartOf\":{\"@id\":\"https:\/\/erasmus.klebi.hu\/#website\"},\"datePublished\":\"2022-11-15T18:56:49+00:00\",\"dateModified\":\"2023-06-11T15:40:58+00:00\",\"breadcrumb\":{\"@id\":\"https:\/\/erasmus.klebi.hu\/index.php\/erasmus-2019\/#breadcrumb\"},\"inLanguage\":\"hu\",\"potentialAction\":[{\"@type\":\"ReadAction\",\"target\":[\"https:\/\/erasmus.klebi.hu\/index.php\/erasmus-2019\/\"]}]},{\"@type\":\"BreadcrumbList\",\"@id\":\"https:\/\/erasmus.klebi.hu\/index.php\/erasmus-2019\/#breadcrumb\",\"itemListElement\":[{\"@type\":\"ListItem\",\"position\":1,\"name\":\"Home\",\"item\":\"https:\/\/erasmus.klebi.hu\/\"},{\"@type\":\"ListItem\",\"position\":2,\"name\":\"Di\u00e1kprojekt 2019\"}]},{\"@type\":\"WebSite\",\"@id\":\"https:\/\/erasmus.klebi.hu\/#website\",\"url\":\"https:\/\/erasmus.klebi.hu\/\",\"name\":\"Erasmus+ Kl\u00e9bi\",\"description\":\"Klebelsberg Kuno \u00c1ltal\u00e1nos Iskola \u00e9s Gimn\u00e1zium Erasmus+  honlapja\",\"potentialAction\":[{\"@type\":\"SearchAction\",\"target\":{\"@type\":\"EntryPoint\",\"urlTemplate\":\"https:\/\/erasmus.klebi.hu\/?s={search_term_string}\"},\"query-input\":\"required name=search_term_string\"}],\"inLanguage\":\"hu\"}]}<\/script>\n<!-- \/ Yoast SEO plugin. -->","yoast_head_json":{"title":"Di\u00e1kprojekt 2019 - Erasmus+ Kl\u00e9bi","robots":{"index":"index","follow":"follow","max-snippet":"max-snippet:-1","max-image-preview":"max-image-preview:large","max-video-preview":"max-video-preview:-1"},"canonical":"https:\/\/erasmus.klebi.hu\/index.php\/erasmus-2019\/","og_locale":"hu_HU","og_type":"article","og_title":"Di\u00e1kprojekt 2019 - Erasmus+ Kl\u00e9bi","og_description":"Green is not just a color &#8211; KA2 projekt 2019-2022 A projekt c\u00e9lja, hogy megszil\u00e1rd\u00edtsa a di\u00e1kok tudatoss\u00e1g\u00e1t arr\u00f3l, hogy a n\u00f6v\u00e9nyek nemcsak k\u00f6rnyezetv\u00e9delmi szempontb\u00f3l, hanem a mindennapi \u00e9letben is fontos szerepet j\u00e1tszanak. R\u00e9sztvev\u0151 partnerek ORSZ\u00c1G V\u00c1ROS PARTNERISKOLA T\u00f6r\u00f6korsz\u00e1g AYDIN EFELER ANADOLU LISESIhttp:\/\/eal.meb.k12.tr\/ Lettorsz\u00e1g RIGA RIGAS 18 VAKARA (MAINU) VIDUSSKOLAwww.r18vmvs.lv [&hellip;]","og_url":"https:\/\/erasmus.klebi.hu\/index.php\/erasmus-2019\/","og_site_name":"Erasmus+ Kl\u00e9bi","article_modified_time":"2023-06-11T15:40:58+00:00","og_image":[{"url":"https:\/\/erasmus.klebi.hu\/wp-content\/uploads\/2022\/11\/Italy-300x300.jpg"}],"twitter_card":"summary_large_image","twitter_misc":{"Becs\u00fclt olvas\u00e1si id\u0151":"6 perc"},"schema":{"@context":"https:\/\/schema.org","@graph":[{"@type":"WebPage","@id":"https:\/\/erasmus.klebi.hu\/index.php\/erasmus-2019\/","url":"https:\/\/erasmus.klebi.hu\/index.php\/erasmus-2019\/","name":"Di\u00e1kprojekt 2019 - Erasmus+ Kl\u00e9bi","isPartOf":{"@id":"https:\/\/erasmus.klebi.hu\/#website"},"datePublished":"2022-11-15T18:56:49+00:00","dateModified":"2023-06-11T15:40:58+00:00","breadcrumb":{"@id":"https:\/\/erasmus.klebi.hu\/index.php\/erasmus-2019\/#breadcrumb"},"inLanguage":"hu","potentialAction":[{"@type":"ReadAction","target":["https:\/\/erasmus.klebi.hu\/index.php\/erasmus-2019\/"]}]},{"@type":"BreadcrumbList","@id":"https:\/\/erasmus.klebi.hu\/index.php\/erasmus-2019\/#breadcrumb","itemListElement":[{"@type":"ListItem","position":1,"name":"Home","item":"https:\/\/erasmus.klebi.hu\/"},{"@type":"ListItem","position":2,"name":"Di\u00e1kprojekt 2019"}]},{"@type":"WebSite","@id":"https:\/\/erasmus.klebi.hu\/#website","url":"https:\/\/erasmus.klebi.hu\/","name":"Erasmus+ Kl\u00e9bi","description":"Klebelsberg Kuno \u00c1ltal\u00e1nos Iskola \u00e9s Gimn\u00e1zium Erasmus+  honlapja","potentialAction":[{"@type":"SearchAction","target":{"@type":"EntryPoint","urlTemplate":"https:\/\/erasmus.klebi.hu\/?s={search_term_string}"},"query-input":"required name=search_term_string"}],"inLanguage":"hu"}]}},"_links":{"self":[{"href":"https:\/\/erasmus.klebi.hu\/index.php\/wp-json\/wp\/v2\/pages\/84","targetHints":{"allow":["GET"]}}],"collection":[{"href":"https:\/\/erasmus.klebi.hu\/index.php\/wp-json\/wp\/v2\/pages"}],"about":[{"href":"https:\/\/erasmus.klebi.hu\/index.php\/wp-json\/wp\/v2\/types\/page"}],"author":[{"embeddable":true,"href":"https:\/\/erasmus.klebi.hu\/index.php\/wp-json\/wp\/v2\/users\/1"}],"replies":[{"embeddable":true,"href":"https:\/\/erasmus.klebi.hu\/index.php\/wp-json\/wp\/v2\/comments?post=84"}],"version-history":[{"count":56,"href":"https:\/\/erasmus.klebi.hu\/index.php\/wp-json\/wp\/v2\/pages\/84\/revisions"}],"predecessor-version":[{"id":233,"href":"https:\/\/erasmus.klebi.hu\/index.php\/wp-json\/wp\/v2\/pages\/84\/revisions\/233"}],"wp:attachment":[{"href":"https:\/\/erasmus.klebi.hu\/index.php\/wp-json\/wp\/v2\/media?parent=84"}],"curies":[{"name":"wp","href":"https:\/\/api.w.org\/{rel}","templated":true}]}}